{"id":9365,"date":"2022-10-04T15:09:06","date_gmt":"2022-10-04T13:09:06","guid":{"rendered":"https:\/\/lfia.agencebisart.com\/?page_id=9365"},"modified":"2026-03-20T11:38:44","modified_gmt":"2026-03-20T10:38:44","slug":"modele-pedagogique","status":"publish","type":"page","link":"https:\/\/www.lfianvers.org\/fr\/cursus-scolaire\/modele-pedagogique\/","title":{"rendered":"Mod\u00e8le p\u00e9dagogique"},"content":{"rendered":"<p>\t\t\t\t<!-- avec ou sans CTA : m\u00eame code, \u00e7a centre verticalement le texte --><\/p>\n<div class=\"smallheader\" id=\"bloc_small_header_10\">\n<style type=\"text\/css\">\n\t\t\t\t\t\t\t#bloc_small_header_10 {background-image: url(https:\/\/www.lfianvers.org\/wp-content\/uploads\/2022\/10\/221010-LFIA-Classrooms-68-610x270.jpg);}\n\t\t\t\t\t\t\t@media (min-width: 480px) {\t#bloc_small_header_10 {background-image: url(https:\/\/www.lfianvers.org\/wp-content\/uploads\/2022\/10\/221010-LFIA-Classrooms-68-610x270.jpg);}}\n\t\t\t\t\t\t\t@media (min-width: 768px) {\t#bloc_small_header_10 {background-image: url(https:\/\/www.lfianvers.org\/wp-content\/uploads\/2022\/10\/221010-LFIA-Classrooms-68-1024x684.jpg);}}\n\t\t\t\t\t\t\t@media (min-width: 992px) { #bloc_small_header_10 {background-image: url(https:\/\/www.lfianvers.org\/wp-content\/uploads\/2022\/10\/221010-LFIA-Classrooms-68-1024x684.jpg);}}\n\t\t\t\t\t\t\t@media (min-width: 1200px) { #bloc_small_header_10 {background-image: url(https:\/\/www.lfianvers.org\/wp-content\/uploads\/2022\/10\/221010-LFIA-Classrooms-68-1536x1026.jpg);}}\n\t\t\t\t\t\t<\/style>\n<div class=\"container d-flex flex-column justify-content-center align-items-start\">\n<h1><span>Mod\u00e8le p\u00e9dagogique<\/span><\/h1>\n<\/p><\/div>\n<\/p><\/div>\n<div class=\"bloctext bloctext--nocolor bloctext--haspattern\" id=\"bloc_6_11\">\n<div class=\"container\">\n<div class=\"row\">\n<div class=\"col-12 col-lg-4 col-xl-3 mb-1\">\n<h2><span>Une \u00e9ducation du 21\u00e8me si\u00e8cle<\/span><\/h2>\n<\/p><\/div>\n<div class=\"col-12 col-lg-8 col-xl-9\">\n<div class=\"text pl-lg-4\">\n<p class=\"p1\"><strong>Une \u00e9ducation du 21\u00e8me si\u00e8cle alliant excellence, ouverture internationale et \u00e9panouissement<\/strong><\/p>\n<p class=\"p2\">Le Lyc\u00e9e Fran\u00e7ais International d\u2019Anvers a un mod\u00e8le \u00e9ducatif qui associe l\u2019excellence acad\u00e9mique fran\u00e7aise et le dynamisme de l\u2019\u00e9ducation internationale. Cette alliance du \u00ab meilleur des deux mondes \u00bb constitue une offre p\u00e9dagogique unique et ouvre \u00e0 nos \u00e9l\u00e8ves les portes des meilleures universit\u00e9s en France, et dans le monde.<\/p>\n<\/p><\/div>\n<\/p><\/div>\n<\/p><\/div>\n<\/p><\/div>\n<\/div>\n<div class=\"bloctext bloctext--color2 bloctext--haspattern\" id=\"bloc_6_12\">\n<div class=\"container\">\n<div class=\"row\">\n<div class=\"col-12 col-lg-4 col-xl-3 mb-1\">\n<h2><span>excellence acad\u00e9mique<\/span><\/h2>\n<\/p><\/div>\n<div class=\"col-12 col-lg-8 col-xl-9\">\n<div class=\"text pl-lg-4\">\n<p class=\"p1\"><strong>L\u2019excellence acad\u00e9mique d\u2019un \u00e9tablissement scolaire fran\u00e7ais<\/strong><\/p>\n<p class=\"p2\">Le cursus scolaire fran\u00e7ais est reconnu dans le monde pour sa qualit\u00e9 et ouvre la voie, imm\u00e9diatement apr\u00e8s le baccalaur\u00e9at, vers les meilleures universit\u00e9s dans le monde, y compris anglo-saxonnes.<\/p>\n<p class=\"p2\">Chaque \u00e9l\u00e8ve qui entre au Lyc\u00e9e fran\u00e7ais international d\u2019Anvers, quelle que soit sa nationalit\u00e9, aura la garantie de suivre une scolarit\u00e9 fran\u00e7aise compl\u00e8te, de la maternelle au lyc\u00e9e, et de pr\u00e9parer les dipl\u00f4mes de l\u2019\u00c9tat fran\u00e7ais dans les m\u00eames conditions que les autres lyc\u00e9es fran\u00e7ais en France, et dans le monde.<\/p>\n<\/p><\/div>\n<\/p><\/div>\n<\/p><\/div>\n<\/p><\/div>\n<\/div>\n<div class=\"bloctext bloctext--nocolor bloctext--haspattern\" id=\"bloc_6_13\">\n<div class=\"container\">\n<div class=\"row\">\n<div class=\"col-12 col-lg-4 col-xl-3 mb-1\">\n<h2><span>enseignement fran\u00e7ais<\/span><\/h2>\n<\/p><\/div>\n<div class=\"col-12 col-lg-8 col-xl-9\">\n<div class=\"text pl-lg-4\">\n<p class=\"p1\"><strong>Les forces de l\u2019enseignement fran\u00e7ais :<\/strong><\/p>\n<ul class=\"ul1\">\n<li class=\"li2\">Une parfaite ma\u00eetrise de la langue fran\u00e7aise et des savoirs fondamentaux (notamment en math\u00e9matiques)<\/li>\n<li class=\"li2\">Une solide culture g\u00e9n\u00e9rale et le d\u00e9veloppement de l&rsquo;esprit critique<\/li>\n<li class=\"li1\">Une enseignement scientifique ambitieux reconnu par les meilleures universit\u00e9s<\/li>\n<\/ul><\/div>\n<\/p><\/div>\n<\/p><\/div>\n<\/p><\/div>\n<\/div>\n<div class=\"blocmedia blocmedia--textright blocmedia--color4\" id=\"bloc_2_14\">\n<div class=\"container\">\n<div class=\"row\">\n<div class=\"col-12 col-md-6\">\n<div class=\"slider\">\n<div id=\"slider-bloc_2_14\" class=\"flexslider flexslider--blocmedia loading\">\n<ul class=\"slides list-unstyled\">\n<li class=\"slider-li\">\n\t\t\t\t\t\t\t\t\t\t     \t<a data-fancybox=\"rel-slider-bloc_2_14\" data-caption=\"\" href=\"https:\/\/www.lfianvers.org\/wp-content\/uploads\/2022\/10\/221010-LFIA-Classrooms-99-722x564.jpg\"><br \/>\n\t\t\t\t\t\t\t\t\t\t\t\t\t<img decoding=\"async\" class=\"img-fluid\" src=\"https:\/\/www.lfianvers.org\/wp-content\/uploads\/2022\/10\/221010-LFIA-Classrooms-99-722x564.jpg\" width=\"\" height=\"\" alt=\"\"><br \/>\n\t\t\t\t\t\t\t\t\t\t\t\t<\/a>\n\t\t\t\t\t\t\t\t\t\t     <\/li>\n<\/ul><\/div>\n<\/p><\/div>\n<\/p><\/div>\n<div class=\"col-12 col-md-5 d-flex flex-column justify-content-center align-items-start mb-2 mb-md-0\">\n<div class=\"text\">\n<h2><span>enseignement trilingue<\/span><\/h2>\n<p>Le fran\u00e7ais est la langue de r\u00e9f\u00e9rence de l\u2019\u00e9cole et la langue premi\u00e8re d\u2019enseignement. L\u2019anglais et le flamand repr\u00e9sentent quant \u00e0 eux jusqu\u2019\u00e0 la moiti\u00e9 du temps d\u2019enseignement. Tous nos enseignants sont des locuteurs natifs (native speakers). Ils appliquent un programme p\u00e9dagogique fond\u00e9 sur l\u2019immersion, la progressivit\u00e9, la personnalisation et les p\u00e9dagogies actives.\u00a0Apr\u00e8s une scolarit\u00e9 compl\u00e8te, les \u00e9l\u00e8ves auront la capacit\u00e9 de s\u2019exprimer en trois langues, \u00e0 l\u2019oral comme \u00e0 l\u2019\u00e9crit et de passer les certifications linguistiques.<\/p>\n<p>\t\t\t\t\t\t<!-- Changer la classe de couleur du bouton en fonction de la couleur g\u00e9n\u00e9rale du bloc --><\/p>\n<div class=\"bloc_cta\" ><\/div>\n<\/p><\/div>\n<\/p><\/div>\n<\/p><\/div>\n<\/p><\/div>\n<\/div>\n<div class=\"bloctext bloctext--nocolor bloctext--haspattern\" id=\"bloc_6_15\">\n<div class=\"container\">\n<div class=\"row\">\n<div class=\"col-12 col-lg-4 col-xl-3 mb-1\">\n<h2><span>ouverture sur le monde<\/span><\/h2>\n<\/p><\/div>\n<div class=\"col-12 col-lg-8 col-xl-9\">\n<div class=\"text pl-lg-4\">\n<p class=\"p1\"><strong>Une v\u00e9ritable ouverture sur le monde :<\/strong><\/p>\n<ul class=\"ul1\">\n<li class=\"li2\">D\u00e9couverte des cultures du monde<\/li>\n<li class=\"li2\">Voyages scolaires, projets p\u00e9dagogiques et jumelages avec d\u2019autres \u00e9coles internationales du Groupe ODYSSEY<\/li>\n<li class=\"li2\">Pr\u00e9paration active de l\u2019orientation dans les meilleures universit\u00e9s du monde<\/li>\n<li class=\"li2\">Multi culturalit\u00e9 au sein de l\u2019\u00e9cole<\/li>\n<li class=\"li1\">Programmes p\u00e9dagogiques favorisant l&rsquo;ouverture internationale et les \u00e9changes interculturels (Model United Nations, Summer camps, etc.)<\/li>\n<\/ul><\/div>\n<\/p><\/div>\n<\/p><\/div>\n<\/p><\/div>\n<\/div>\n<div class=\"blocmedia blocmedia--textright blocmedia--color2\" id=\"bloc_2_16\">\n<div class=\"container\">\n<div class=\"row\">\n<div class=\"col-12 col-md-6\">\n<div class=\"slider\">\n<div id=\"slider-bloc_2_16\" class=\"flexslider flexslider--blocmedia loading\">\n<ul class=\"slides list-unstyled\">\n<li class=\"slider-li\">\n\t\t\t\t\t\t\t\t\t\t     \t<a data-fancybox=\"rel-slider-bloc_2_16\" data-caption=\"\" href=\"https:\/\/www.lfianvers.org\/wp-content\/uploads\/2022\/10\/221010-LFIA-Classrooms-7-722x564.jpg\"><br \/>\n\t\t\t\t\t\t\t\t\t\t\t\t\t<img decoding=\"async\" class=\"img-fluid\" src=\"https:\/\/www.lfianvers.org\/wp-content\/uploads\/2022\/10\/221010-LFIA-Classrooms-7-722x564.jpg\" width=\"\" height=\"\" alt=\"\"><br \/>\n\t\t\t\t\t\t\t\t\t\t\t\t<\/a>\n\t\t\t\t\t\t\t\t\t\t     <\/li>\n<\/ul><\/div>\n<\/p><\/div>\n<\/p><\/div>\n<div class=\"col-12 col-md-5 d-flex flex-column justify-content-center align-items-start mb-2 mb-md-0\">\n<div class=\"text\">\n<h2><span>Accompagnement personnalis\u00e9<\/span><\/h2>\n<p>Le LFIA garantit \u00e0 ses \u00e9l\u00e8ves l&rsquo;opportunit\u00e9 d&rsquo;\u00eatre \u00e9cout\u00e9s et de prendre des initiatives pour assurer leur r\u00e9ussite et leur \u00e9panouissement en mettant en place un accompagnement individualis\u00e9 et des m\u00e9thodes d&rsquo;apprentissage sp\u00e9cifiques par groupes de niveau.<\/p>\n<p>\t\t\t\t\t\t<!-- Changer la classe de couleur du bouton en fonction de la couleur g\u00e9n\u00e9rale du bloc --><\/p>\n<div class=\"bloc_cta\" ><\/div>\n<\/p><\/div>\n<\/p><\/div>\n<\/p><\/div>\n<\/p><\/div>\n<\/div>\n<div class=\"bloctext bloctext--nocolor bloctext--haspattern\" id=\"bloc_6_17\">\n<div class=\"container\">\n<div class=\"row\">\n<div class=\"col-12 col-lg-4 col-xl-3 mb-1\">\n<h2><span>communaut\u00e9 \u00e9ducative<\/span><\/h2>\n<\/p><\/div>\n<div class=\"col-12 col-lg-8 col-xl-9\">\n<div class=\"text pl-lg-4\">\n<p class=\"p1\"><strong>Une communaut\u00e9 \u00e9ducative cosmopolite et bienveillante<\/strong><\/p>\n<p class=\"p2\">La communaut\u00e9 \u00e9ducative du Lyc\u00e9e fran\u00e7ais international d\u2019Anvers, multiculturelle et dynamique, se compose de :<\/p>\n<ul class=\"ul1\">\n<li class=\"li3\">Une \u00e9quipe p\u00e9dagogique \u00e0 l\u2019\u00e9coute, qualifi\u00e9e et engag\u00e9e pour l\u2019excellence acad\u00e9mique et la r\u00e9ussite des \u00e9l\u00e8ves<\/li>\n<li class=\"li3\">Des \u00e9l\u00e8ves et des familles de toutes les nationalit\u00e9s<\/li>\n<li class=\"li2\">Des partenaires : le r\u00e9seau de partenariats qui donne l\u2019occasion aux \u00e9l\u00e8ves de renforcer leurs engagements civiques et culturels<\/li>\n<\/ul>\n<p class=\"p1\"><strong>Une vie sociale et culturelle enrichissante<\/strong><\/p>\n<p class=\"p1\">Tous les jours apr\u00e8s l\u2019\u00e9cole ainsi que les mercredis apr\u00e8s-midi, les \u00e9l\u00e8ves se voient proposer de nombreuses activit\u00e9s culturelles, artistiques et sportives, dont certaines sont dispens\u00e9es en anglais.<span class=\"Apple-converted-space\">\u00a0<\/span><\/p>\n<\/p><\/div>\n<\/p><\/div>\n<\/p><\/div>\n<\/p><\/div>\n<\/div>\n<div class=\"blocinfo blocinfo--color4\" id=\"bloc_10_18\">\n<div class=\"container\">\n<div class=\"row\">\n<div class=\"col-12 col-md-6\">\n<h2><span>D\u00e9marrez son avenir d\u00e8s aujourd\u2019hui !<\/span><\/h2>\n<p>Venez nous rencontrer<\/p>\n<p>\t\t\t\t<!-- Changer la classe de couleur du bouton en fonction de la couleur g\u00e9n\u00e9rale du bloc --><\/p>\n<div class=\"bloc_cta\" >\n\t<a href=\"https:\/\/www.lfianvers.org\/fr\/admissions\/\" title=\"S'inscrire\" target=\"\" class=\"mr-3 btn btn--color4\">S&rsquo;inscrire<\/a> \t\t\t\t<\/div>\n<\/p><\/div>\n<\/p><\/div>\n<\/p><\/div>\n<\/div>\n","protected":false},"excerpt":{"rendered":"<p>Mod\u00e8le p\u00e9dagogique Une \u00e9ducation du 21\u00e8me si\u00e8cle Une \u00e9ducation du 21\u00e8me si\u00e8cle alliant excellence, ouverture internationale et \u00e9panouissement Le Lyc\u00e9e [&hellip;]<\/p>\n","protected":false},"author":18,"featured_media":0,"parent":9273,"menu_order":12,"comment_status":"closed","ping_status":"closed","template":"","meta":{"_acf_changed":false,"kdcopypost-origin-url":"","kdcopypost-origin-id":"","footnotes":""},"class_list":["post-9365","page","type-page","status-publish","hentry"],"acf":[],"yoast_head":"<!-- This site is optimized with the Yoast SEO plugin v27.5 - https:\/\/yoast.com\/product\/yoast-seo-wordpress\/ -->\n<title>Mod\u00e8le p\u00e9dagogique - LFI Anvers<\/title>\n<meta name=\"robots\" content=\"index, follow, max-snippet:-1, max-image-preview:large, max-video-preview:-1\" \/>\n<link rel=\"canonical\" href=\"https:\/\/www.lfianvers.org\/fr\/cursus-scolaire\/modele-pedagogique\/\" \/>\n<meta property=\"og:locale\" content=\"fr_FR\" \/>\n<meta property=\"og:type\" content=\"article\" \/>\n<meta property=\"og:title\" content=\"Mod\u00e8le p\u00e9dagogique - LFI Anvers\" \/>\n<meta property=\"og:description\" content=\"Mod\u00e8le p\u00e9dagogique Une \u00e9ducation du 21\u00e8me si\u00e8cle Une \u00e9ducation du 21\u00e8me si\u00e8cle alliant excellence, ouverture internationale et \u00e9panouissement Le Lyc\u00e9e [&hellip;]\" \/>\n<meta property=\"og:url\" content=\"https:\/\/www.lfianvers.org\/fr\/cursus-scolaire\/modele-pedagogique\/\" \/>\n<meta property=\"og:site_name\" content=\"LFI Anvers\" \/>\n<meta property=\"article:modified_time\" content=\"2026-03-20T10:38:44+00:00\" \/>\n<meta property=\"og:image\" content=\"https:\/\/www.lfianvers.org\/wp-content\/uploads\/2022\/10\/221010-LFIA-Classrooms-99-722x564.jpg\" \/>\n<meta name=\"twitter:card\" content=\"summary_large_image\" \/>\n<meta name=\"twitter:label1\" content=\"Dur\u00e9e de lecture estim\u00e9e\" \/>\n\t<meta name=\"twitter:data1\" content=\"6 minutes\" \/>\n<script type=\"application\/ld+json\" class=\"yoast-schema-graph\">{\"@context\":\"https:\\\/\\\/schema.org\",\"@graph\":[{\"@type\":\"WebPage\",\"@id\":\"https:\\\/\\\/www.lfianvers.org\\\/fr\\\/cursus-scolaire\\\/modele-pedagogique\\\/\",\"url\":\"https:\\\/\\\/www.lfianvers.org\\\/fr\\\/cursus-scolaire\\\/modele-pedagogique\\\/\",\"name\":\"Mod\u00e8le p\u00e9dagogique - LFI Anvers\",\"isPartOf\":{\"@id\":\"https:\\\/\\\/www.lfianvers.org\\\/fr\\\/#website\"},\"primaryImageOfPage\":{\"@id\":\"https:\\\/\\\/www.lfianvers.org\\\/fr\\\/cursus-scolaire\\\/modele-pedagogique\\\/#primaryimage\"},\"image\":{\"@id\":\"https:\\\/\\\/www.lfianvers.org\\\/fr\\\/cursus-scolaire\\\/modele-pedagogique\\\/#primaryimage\"},\"thumbnailUrl\":\"https:\\\/\\\/www.lfianvers.org\\\/wp-content\\\/uploads\\\/2022\\\/10\\\/221010-LFIA-Classrooms-99-722x564.jpg\",\"datePublished\":\"2022-10-04T13:09:06+00:00\",\"dateModified\":\"2026-03-20T10:38:44+00:00\",\"breadcrumb\":{\"@id\":\"https:\\\/\\\/www.lfianvers.org\\\/fr\\\/cursus-scolaire\\\/modele-pedagogique\\\/#breadcrumb\"},\"inLanguage\":\"fr-FR\",\"potentialAction\":[{\"@type\":\"ReadAction\",\"target\":[\"https:\\\/\\\/www.lfianvers.org\\\/fr\\\/cursus-scolaire\\\/modele-pedagogique\\\/\"]}]},{\"@type\":\"ImageObject\",\"inLanguage\":\"fr-FR\",\"@id\":\"https:\\\/\\\/www.lfianvers.org\\\/fr\\\/cursus-scolaire\\\/modele-pedagogique\\\/#primaryimage\",\"url\":\"https:\\\/\\\/www.lfianvers.org\\\/wp-content\\\/uploads\\\/2022\\\/10\\\/221010-LFIA-Classrooms-99-722x564.jpg\",\"contentUrl\":\"https:\\\/\\\/www.lfianvers.org\\\/wp-content\\\/uploads\\\/2022\\\/10\\\/221010-LFIA-Classrooms-99-722x564.jpg\"},{\"@type\":\"BreadcrumbList\",\"@id\":\"https:\\\/\\\/www.lfianvers.org\\\/fr\\\/cursus-scolaire\\\/modele-pedagogique\\\/#breadcrumb\",\"itemListElement\":[{\"@type\":\"ListItem\",\"position\":1,\"name\":\"Accueil\",\"item\":\"https:\\\/\\\/www.lfianvers.org\\\/fr\\\/\"},{\"@type\":\"ListItem\",\"position\":2,\"name\":\"Cursus scolaire\",\"item\":\"https:\\\/\\\/www.lfianvers.org\\\/fr\\\/cursus-scolaire\\\/\"},{\"@type\":\"ListItem\",\"position\":3,\"name\":\"Mod\u00e8le p\u00e9dagogique\"}]},{\"@type\":\"WebSite\",\"@id\":\"https:\\\/\\\/www.lfianvers.org\\\/fr\\\/#website\",\"url\":\"https:\\\/\\\/www.lfianvers.org\\\/fr\\\/\",\"name\":\"LFI Anvers\",\"description\":\"Lyc\u00e9e fran\u00e7ais international d&#039;Anvers\",\"potentialAction\":[{\"@type\":\"SearchAction\",\"target\":{\"@type\":\"EntryPoint\",\"urlTemplate\":\"https:\\\/\\\/www.lfianvers.org\\\/fr\\\/?s={search_term_string}\"},\"query-input\":{\"@type\":\"PropertyValueSpecification\",\"valueRequired\":true,\"valueName\":\"search_term_string\"}}],\"inLanguage\":\"fr-FR\"}]}<\/script>\n<!-- \/ Yoast SEO plugin. -->","yoast_head_json":{"title":"Mod\u00e8le p\u00e9dagogique - LFI Anvers","robots":{"index":"index","follow":"follow","max-snippet":"max-snippet:-1","max-image-preview":"max-image-preview:large","max-video-preview":"max-video-preview:-1"},"canonical":"https:\/\/www.lfianvers.org\/fr\/cursus-scolaire\/modele-pedagogique\/","og_locale":"fr_FR","og_type":"article","og_title":"Mod\u00e8le p\u00e9dagogique - LFI Anvers","og_description":"Mod\u00e8le p\u00e9dagogique Une \u00e9ducation du 21\u00e8me si\u00e8cle Une \u00e9ducation du 21\u00e8me si\u00e8cle alliant excellence, ouverture internationale et \u00e9panouissement Le Lyc\u00e9e [&hellip;]","og_url":"https:\/\/www.lfianvers.org\/fr\/cursus-scolaire\/modele-pedagogique\/","og_site_name":"LFI Anvers","article_modified_time":"2026-03-20T10:38:44+00:00","og_image":[{"url":"https:\/\/www.lfianvers.org\/wp-content\/uploads\/2022\/10\/221010-LFIA-Classrooms-99-722x564.jpg","type":"","width":"","height":""}],"twitter_card":"summary_large_image","twitter_misc":{"Dur\u00e9e de lecture estim\u00e9e":"6 minutes"},"schema":{"@context":"https:\/\/schema.org","@graph":[{"@type":"WebPage","@id":"https:\/\/www.lfianvers.org\/fr\/cursus-scolaire\/modele-pedagogique\/","url":"https:\/\/www.lfianvers.org\/fr\/cursus-scolaire\/modele-pedagogique\/","name":"Mod\u00e8le p\u00e9dagogique - LFI Anvers","isPartOf":{"@id":"https:\/\/www.lfianvers.org\/fr\/#website"},"primaryImageOfPage":{"@id":"https:\/\/www.lfianvers.org\/fr\/cursus-scolaire\/modele-pedagogique\/#primaryimage"},"image":{"@id":"https:\/\/www.lfianvers.org\/fr\/cursus-scolaire\/modele-pedagogique\/#primaryimage"},"thumbnailUrl":"https:\/\/www.lfianvers.org\/wp-content\/uploads\/2022\/10\/221010-LFIA-Classrooms-99-722x564.jpg","datePublished":"2022-10-04T13:09:06+00:00","dateModified":"2026-03-20T10:38:44+00:00","breadcrumb":{"@id":"https:\/\/www.lfianvers.org\/fr\/cursus-scolaire\/modele-pedagogique\/#breadcrumb"},"inLanguage":"fr-FR","potentialAction":[{"@type":"ReadAction","target":["https:\/\/www.lfianvers.org\/fr\/cursus-scolaire\/modele-pedagogique\/"]}]},{"@type":"ImageObject","inLanguage":"fr-FR","@id":"https:\/\/www.lfianvers.org\/fr\/cursus-scolaire\/modele-pedagogique\/#primaryimage","url":"https:\/\/www.lfianvers.org\/wp-content\/uploads\/2022\/10\/221010-LFIA-Classrooms-99-722x564.jpg","contentUrl":"https:\/\/www.lfianvers.org\/wp-content\/uploads\/2022\/10\/221010-LFIA-Classrooms-99-722x564.jpg"},{"@type":"BreadcrumbList","@id":"https:\/\/www.lfianvers.org\/fr\/cursus-scolaire\/modele-pedagogique\/#breadcrumb","itemListElement":[{"@type":"ListItem","position":1,"name":"Accueil","item":"https:\/\/www.lfianvers.org\/fr\/"},{"@type":"ListItem","position":2,"name":"Cursus scolaire","item":"https:\/\/www.lfianvers.org\/fr\/cursus-scolaire\/"},{"@type":"ListItem","position":3,"name":"Mod\u00e8le p\u00e9dagogique"}]},{"@type":"WebSite","@id":"https:\/\/www.lfianvers.org\/fr\/#website","url":"https:\/\/www.lfianvers.org\/fr\/","name":"LFI Anvers","description":"Lyc\u00e9e fran\u00e7ais international d&#039;Anvers","potentialAction":[{"@type":"SearchAction","target":{"@type":"EntryPoint","urlTemplate":"https:\/\/www.lfianvers.org\/fr\/?s={search_term_string}"},"query-input":{"@type":"PropertyValueSpecification","valueRequired":true,"valueName":"search_term_string"}}],"inLanguage":"fr-FR"}]}},"_links":{"self":[{"href":"https:\/\/www.lfianvers.org\/fr\/wp-json\/wp\/v2\/pages\/9365","targetHints":{"allow":["GET"]}}],"collection":[{"href":"https:\/\/www.lfianvers.org\/fr\/wp-json\/wp\/v2\/pages"}],"about":[{"href":"https:\/\/www.lfianvers.org\/fr\/wp-json\/wp\/v2\/types\/page"}],"author":[{"embeddable":true,"href":"https:\/\/www.lfianvers.org\/fr\/wp-json\/wp\/v2\/users\/18"}],"replies":[{"embeddable":true,"href":"https:\/\/www.lfianvers.org\/fr\/wp-json\/wp\/v2\/comments?post=9365"}],"version-history":[{"count":16,"href":"https:\/\/www.lfianvers.org\/fr\/wp-json\/wp\/v2\/pages\/9365\/revisions"}],"predecessor-version":[{"id":15401,"href":"https:\/\/www.lfianvers.org\/fr\/wp-json\/wp\/v2\/pages\/9365\/revisions\/15401"}],"up":[{"embeddable":true,"href":"https:\/\/www.lfianvers.org\/fr\/wp-json\/wp\/v2\/pages\/9273"}],"wp:attachment":[{"href":"https:\/\/www.lfianvers.org\/fr\/wp-json\/wp\/v2\/media?parent=9365"}],"curies":[{"name":"wp","href":"https:\/\/api.w.org\/{rel}","templated":true}]}}