{"id":9279,"date":"2022-10-04T14:43:45","date_gmt":"2022-10-04T12:43:45","guid":{"rendered":"https:\/\/lfia.agencebisart.com\/?page_id=9279"},"modified":"2026-03-20T11:39:02","modified_gmt":"2026-03-20T10:39:02","slug":"elementaire","status":"publish","type":"page","link":"https:\/\/www.lfianvers.org\/fr\/cursus-scolaire\/elementaire\/","title":{"rendered":"\u00c9l\u00e9mentaire"},"content":{"rendered":"<p>\t\t\t\t<!-- avec ou sans CTA : m\u00eame code, \u00e7a centre verticalement le texte --><\/p>\n<div class=\"smallheader\" id=\"bloc_small_header_9\">\n<style type=\"text\/css\">\n\t\t\t\t\t\t\t#bloc_small_header_9 {background-image: url(https:\/\/www.lfianvers.org\/wp-content\/uploads\/2022\/10\/221010-LFIA-Classrooms-68-610x270.jpg);}\n\t\t\t\t\t\t\t@media (min-width: 480px) {\t#bloc_small_header_9 {background-image: url(https:\/\/www.lfianvers.org\/wp-content\/uploads\/2022\/10\/221010-LFIA-Classrooms-68-610x270.jpg);}}\n\t\t\t\t\t\t\t@media (min-width: 768px) {\t#bloc_small_header_9 {background-image: url(https:\/\/www.lfianvers.org\/wp-content\/uploads\/2022\/10\/221010-LFIA-Classrooms-68-1024x684.jpg);}}\n\t\t\t\t\t\t\t@media (min-width: 992px) { #bloc_small_header_9 {background-image: url(https:\/\/www.lfianvers.org\/wp-content\/uploads\/2022\/10\/221010-LFIA-Classrooms-68-1024x684.jpg);}}\n\t\t\t\t\t\t\t@media (min-width: 1200px) { #bloc_small_header_9 {background-image: url(https:\/\/www.lfianvers.org\/wp-content\/uploads\/2022\/10\/221010-LFIA-Classrooms-68-1536x1026.jpg);}}\n\t\t\t\t\t\t<\/style>\n<div class=\"container d-flex flex-column justify-content-center align-items-start\">\n<h1><span>\u00c9l\u00e9mentaire<\/span><\/h1>\n<\/p><\/div>\n<\/p><\/div>\n<div class=\"bloctext bloctext--color2 bloctext--haspattern\" id=\"bloc_6_10\">\n<div class=\"container\">\n<div class=\"row\">\n<div class=\"col-12 col-lg-4 col-xl-3 mb-1\">\n<h2><span>\u00e9cole \u00e9l\u00e9mentaire du LFIA<\/span><\/h2>\n<\/p><\/div>\n<div class=\"col-12 col-lg-8 col-xl-9\">\n<div class=\"text pl-lg-4\">\n<p class=\"p1\">L\u2019\u00e9cole \u00e9l\u00e9mentaire comporte les classes du CP au CM2. Ce sont les classes du cycle des apprentissages fondamentaux (CP \u00e0 CE2) et du d\u00e9but du cycle des approfondissement (CM1 \u00e0 6\u00e8me). L\u2019objectif est d\u2019acqu\u00e9rir une base solide dans les disciplines inscrites dans les programmes du minist\u00e8re de l&rsquo;Education Nationale fran\u00e7aise.<\/p>\n<\/p><\/div>\n<\/p><\/div>\n<\/p><\/div>\n<\/p><\/div>\n<\/div>\n<div class=\"cardscolors cardscolors--nocolor\" id=\"bloc_1_11\">\n<div class=\"container\">\n<h2><span>Cours Pr\u00e9paratoire<\/span><\/h2>\n<div class=\"row justify-content-center\">\n<div class=\"col-12 col-sm-6 col-lg-3 mb-2\">\n<div class=\"cardcolor d-flex flex-column\">\n\t\t\t\t\t\t\t<img decoding=\"async\" class=\"img-fluid\" src=\"https:\/\/www.lfianvers.org\/wp-content\/uploads\/2022\/10\/221010-LFIA-Classrooms-33-372x300.jpg\" width=\"\" height=\"\" alt=\"\"><\/p>\n<div class=\"text d-flex flex-column justify-content-center align-self-stretch\">\n<div class=\"title d-flex flex-column justify-content-center\">\n<h4>CP<\/h4>\n<\/p><\/div>\n<p>6 ans<\/p>\n<p>\t\t\t\t<a href=\"https:\/\/www.lfianvers.org\/fr\/admissions\/\" target=\"\" class=\"link\">S&rsquo;inscrire<\/a>\n\t\t\t\t\t<\/div>\n<\/p><\/div>\n<\/p><\/div>\n<\/p><\/div>\n<\/p><\/div>\n<\/div>\n<div class=\"cardscolors cardscolors--color4\" id=\"bloc_1_12\">\n<div class=\"container\">\n<h2><span>Cours \u00c9l\u00e9mentaire<\/span><\/h2>\n<div class=\"row justify-content-center\">\n<div class=\"col-12 col-sm-6 col-lg-3 mb-2\">\n<div class=\"cardcolor d-flex flex-column\">\n\t\t\t\t\t\t\t<img decoding=\"async\" class=\"img-fluid\" src=\"https:\/\/www.lfianvers.org\/wp-content\/uploads\/2022\/10\/221010-LFIA-Classrooms-24-372x300.jpg\" width=\"\" height=\"\" alt=\"\"><\/p>\n<div class=\"text d-flex flex-column justify-content-center align-self-stretch\">\n<div class=\"title d-flex flex-column justify-content-center\">\n<h4>CE1 (Cycle 1)<\/h4>\n<\/p><\/div>\n<p>7 ans<\/p>\n<p>\t\t\t\t<a href=\"https:\/\/www.lfianvers.org\/fr\/admissions\/\" target=\"\" class=\"link\">S&rsquo;inscrire<\/a>\n\t\t\t\t\t<\/div>\n<\/p><\/div>\n<\/p><\/div>\n<div class=\"col-12 col-sm-6 col-lg-3 mb-2\">\n<div class=\"cardcolor d-flex flex-column\">\n\t\t\t\t\t\t\t<img decoding=\"async\" class=\"img-fluid\" src=\"https:\/\/www.lfianvers.org\/wp-content\/uploads\/2022\/10\/221010-LFIA-Classrooms-68-372x300.jpg\" width=\"\" height=\"\" alt=\"\"><\/p>\n<div class=\"text d-flex flex-column justify-content-center align-self-stretch\">\n<div class=\"title d-flex flex-column justify-content-center\">\n<h4>CE2 (Cycle 2)<\/h4>\n<\/p><\/div>\n<p>8 ans<\/p>\n<p>\t\t\t\t<a href=\"https:\/\/www.lfianvers.org\/fr\/admissions\/\" target=\"\" class=\"link\">S&rsquo;inscrire<\/a>\n\t\t\t\t\t<\/div>\n<\/p><\/div>\n<\/p><\/div>\n<\/p><\/div>\n<\/p><\/div>\n<\/div>\n<div class=\"cardscolors cardscolors--nocolor\" id=\"bloc_1_13\">\n<div class=\"container\">\n<h2><span>Cours Moyen<\/span><\/h2>\n<div class=\"row justify-content-center\">\n<div class=\"col-12 col-sm-6 col-lg-3 mb-2\">\n<div class=\"cardcolor d-flex flex-column\">\n\t\t\t\t\t\t\t<img decoding=\"async\" class=\"img-fluid\" src=\"https:\/\/www.lfianvers.org\/wp-content\/uploads\/2022\/10\/221010-LFIA-Classrooms-80-372x300.jpg\" width=\"\" height=\"\" alt=\"\"><\/p>\n<div class=\"text d-flex flex-column justify-content-center align-self-stretch\">\n<div class=\"title d-flex flex-column justify-content-center\">\n<h4>CM1 (Cycle 1)<\/h4>\n<\/p><\/div>\n<p>9 ans<\/p>\n<p>\t\t\t\t<a href=\"https:\/\/www.lfianvers.org\/fr\/admissions\/\" target=\"\" class=\"link\">S&rsquo;inscrire<\/a>\n\t\t\t\t\t<\/div>\n<\/p><\/div>\n<\/p><\/div>\n<div class=\"col-12 col-sm-6 col-lg-3 mb-2\">\n<div class=\"cardcolor d-flex flex-column\">\n\t\t\t\t\t\t\t<img decoding=\"async\" class=\"img-fluid\" src=\"https:\/\/www.lfianvers.org\/wp-content\/uploads\/2022\/10\/221010-LFIA-Classrooms-82-372x300.jpg\" width=\"\" height=\"\" alt=\"\"><\/p>\n<div class=\"text d-flex flex-column justify-content-center align-self-stretch\">\n<div class=\"title d-flex flex-column justify-content-center\">\n<h4>CM2 (Cycle 2)<\/h4>\n<\/p><\/div>\n<p>10 ans<\/p>\n<p>\t\t\t\t<a href=\"https:\/\/www.lfianvers.org\/fr\/admissions\/\" target=\"\" class=\"link\">S&rsquo;inscrire<\/a>\n\t\t\t\t\t<\/div>\n<\/p><\/div>\n<\/p><\/div>\n<\/p><\/div>\n<\/p><\/div>\n<\/div>\n<div class=\"bloctext bloctext--color2 bloctext--haspattern\" id=\"bloc_6_14\">\n<div class=\"container\">\n<div class=\"row\">\n<div class=\"col-12 col-lg-4 col-xl-3 mb-1\">\n<h2><span>Un socle commun<\/span><\/h2>\n<\/p><\/div>\n<div class=\"col-12 col-lg-8 col-xl-9\">\n<div class=\"text pl-lg-4\">\n<p class=\"p1\">L\u2019\u00e9cole \u00e9l\u00e9mentaire doit concourir \u00e0 la r\u00e9ussite de tous les \u00e9l\u00e8ves. La ma\u00eetrise de la langue fran\u00e7aise et des apprentissages fondamentaux (lire, \u00e9crire, compter) y est centrale, ainsi que l\u2019apprentissage de la deuxi\u00e8me langue.<\/p>\n<p>C\u2019est \u00e0 l\u2019\u00e9cole \u00e9l\u00e9mentaire que l\u2019enfant commence \u00e0 construire sa personnalit\u00e9, d\u00e9velopper son autonomie et se former \u00e0 la vie sociale.<br \/>\nEn qualit\u00e9 de Lyc\u00e9e Fran\u00e7ais \u00e0 l\u2019\u00e9tranger, le LFIA s\u2019attache \u00e0 s\u2019ouvrir \u00e0 la langue et \u00e0 la culture du pays d\u2019accueil d\u2019une part, aux cultures d\u2019origine de ses \u00e9l\u00e8ves d\u2019autre part.<\/p>\n<p class=\"p2\">Ce sont les classes de l&rsquo;apprentissage fondamental. L&rsquo;objectif de ces classes est d&rsquo;acqu\u00e9rir une base solide dans toutes les mati\u00e8res.<\/p>\n<p class=\"p3\"><strong>Les programmes scolaires fran\u00e7ais sont organis\u00e9s autour du socle commun de connaissances, de comp\u00e9tences et de culture qui s&rsquo;articule en 5 domaines :<\/strong><\/p>\n<ul class=\"ul1\">\n<li class=\"li4\">Les langages pour penser et communiquer ;<\/li>\n<li class=\"li4\">Les m\u00e9thodes et outils pour apprendre ;<\/li>\n<li class=\"li4\">La formation de la personne et du citoyen ;<\/li>\n<li class=\"li4\">Les syst\u00e8mes naturels et techniques ;<\/li>\n<li class=\"li3\">Les repr\u00e9sentations du monde et l&rsquo;activit\u00e9 humaine.<\/li>\n<\/ul><\/div>\n<\/p><\/div>\n<\/p><\/div>\n<\/p><\/div>\n<\/div>\n<div class=\"bloctext bloctext--nocolor bloctext--haspattern\" id=\"bloc_6_15\">\n<div class=\"container\">\n<div class=\"row\">\n<div class=\"col-12 col-lg-4 col-xl-3 mb-1\">\n<h2><span>programme p\u00e9dagogique<\/span><\/h2>\n<\/p><\/div>\n<div class=\"col-12 col-lg-8 col-xl-9\">\n<div class=\"text pl-lg-4\">\n<p class=\"p1\"><strong>Dans ce contexte, notre programme p\u00e9dagogique a \u00e9t\u00e9 pr\u00e9par\u00e9 avec soin et en tenant compte des exigences li\u00e9s \u00e0 l\u2019apprentissage en trois langues pour que nos \u00e9l\u00e8ves s\u2019\u00e9panouissent dans leurs apprentissages et d\u00e9veloppent leurs connaissances sur des champs tr\u00e8s vari\u00e9s :<\/strong><\/p>\n<ul class=\"ul1\">\n<li class=\"li2\">La pens\u00e9e logique est d\u00e9velopp\u00e9e gr\u00e2ce \u00e0 des mati\u00e8res telles que la g\u00e9om\u00e9trie ou la r\u00e9solution de probl\u00e8mes ;<\/li>\n<li class=\"li2\">Les enfants apprennent \u00e0 organiser leurs id\u00e9es, \u00e0 se pr\u00e9parer aux \u00e9v\u00e8nements qui jalonnent l&rsquo;ann\u00e9e, et \u00e0 prendre soin de leur travail personnel ;<\/li>\n<li class=\"li2\">Les concepts du temps, de l&rsquo;espace et de l&rsquo;environnement sont enseign\u00e9s ;<\/li>\n<li class=\"li1\">L&rsquo;\u00e9ducation physique, la musique et l&rsquo;art compl\u00e8tent cette p\u00e9riode importante dans le d\u00e9veloppement de l&rsquo;enfant.<\/li>\n<\/ul>\n<p class=\"p3\">Nous encourageons chaque enfant \u00e0 \u00eatre original, cr\u00e9atif, et autonome dans son apprentissage. Il pr\u00e9sente ses travaux r\u00e9guli\u00e8rement, gagne en confiance en soi et en comp\u00e9tences d&rsquo;organisation. Nous encourageons \u00e9galement le travail en petit groupe, qui permet de d\u00e9velopper l\u2019esprit de coop\u00e9ration<span class=\"s2\">.<\/span><\/p>\n<\/p><\/div>\n<\/p><\/div>\n<\/p><\/div>\n<\/p><\/div>\n<\/div>\n<div class=\"blocinfo blocinfo--color4\" id=\"bloc_10_16\">\n<div class=\"container\">\n<div class=\"row\">\n<div class=\"col-12 col-md-6\">\n<h2><span>D\u00e9marrez son avenir d\u00e8s aujourd\u2019hui !<\/span><\/h2>\n<p>Venez nous rencontrer<\/p>\n<p>\t\t\t\t<!-- Changer la classe de couleur du bouton en fonction de la couleur g\u00e9n\u00e9rale du bloc --><\/p>\n<div class=\"bloc_cta\" >\n\t<a href=\"https:\/\/www.lfianvers.org\/fr\/admissions\/\" title=\"S'inscrire\" target=\"\" class=\"mr-3 btn btn--color4\">S&rsquo;inscrire<\/a> \t\t\t\t<\/div>\n<\/p><\/div>\n<\/p><\/div>\n<\/p><\/div>\n<\/div>\n","protected":false},"excerpt":{"rendered":"<p>\u00c9l\u00e9mentaire \u00e9cole \u00e9l\u00e9mentaire du LFIA L\u2019\u00e9cole \u00e9l\u00e9mentaire comporte les classes du CP au CM2. Ce sont les classes du cycle [&hellip;]<\/p>\n","protected":false},"author":18,"featured_media":0,"parent":9273,"menu_order":14,"comment_status":"closed","ping_status":"closed","template":"","meta":{"_acf_changed":false,"kdcopypost-origin-url":"","kdcopypost-origin-id":"","footnotes":""},"class_list":["post-9279","page","type-page","status-publish","hentry"],"acf":[],"yoast_head":"<!-- This site is optimized with the Yoast SEO plugin v27.5 - https:\/\/yoast.com\/product\/yoast-seo-wordpress\/ -->\n<title>\u00c9l\u00e9mentaire - LFI Anvers<\/title>\n<meta name=\"robots\" content=\"index, follow, max-snippet:-1, max-image-preview:large, max-video-preview:-1\" \/>\n<link rel=\"canonical\" href=\"https:\/\/www.lfianvers.org\/fr\/cursus-scolaire\/elementaire\/\" \/>\n<meta property=\"og:locale\" content=\"fr_FR\" \/>\n<meta property=\"og:type\" content=\"article\" \/>\n<meta property=\"og:title\" content=\"\u00c9l\u00e9mentaire - LFI Anvers\" \/>\n<meta property=\"og:description\" content=\"\u00c9l\u00e9mentaire \u00e9cole \u00e9l\u00e9mentaire du LFIA L\u2019\u00e9cole \u00e9l\u00e9mentaire comporte les classes du CP au CM2. Ce sont les classes du cycle [&hellip;]\" \/>\n<meta property=\"og:url\" content=\"https:\/\/www.lfianvers.org\/fr\/cursus-scolaire\/elementaire\/\" \/>\n<meta property=\"og:site_name\" content=\"LFI Anvers\" \/>\n<meta property=\"article:modified_time\" content=\"2026-03-20T10:39:02+00:00\" \/>\n<meta property=\"og:image\" content=\"https:\/\/www.lfianvers.org\/wp-content\/uploads\/2022\/10\/221010-LFIA-Classrooms-33-372x300.jpg\" \/>\n<meta name=\"twitter:card\" content=\"summary_large_image\" \/>\n<meta name=\"twitter:label1\" content=\"Dur\u00e9e de lecture estim\u00e9e\" \/>\n\t<meta name=\"twitter:data1\" content=\"7 minutes\" \/>\n<script type=\"application\/ld+json\" class=\"yoast-schema-graph\">{\"@context\":\"https:\\\/\\\/schema.org\",\"@graph\":[{\"@type\":\"WebPage\",\"@id\":\"https:\\\/\\\/www.lfianvers.org\\\/fr\\\/cursus-scolaire\\\/elementaire\\\/\",\"url\":\"https:\\\/\\\/www.lfianvers.org\\\/fr\\\/cursus-scolaire\\\/elementaire\\\/\",\"name\":\"\u00c9l\u00e9mentaire - LFI Anvers\",\"isPartOf\":{\"@id\":\"https:\\\/\\\/www.lfianvers.org\\\/fr\\\/#website\"},\"primaryImageOfPage\":{\"@id\":\"https:\\\/\\\/www.lfianvers.org\\\/fr\\\/cursus-scolaire\\\/elementaire\\\/#primaryimage\"},\"image\":{\"@id\":\"https:\\\/\\\/www.lfianvers.org\\\/fr\\\/cursus-scolaire\\\/elementaire\\\/#primaryimage\"},\"thumbnailUrl\":\"https:\\\/\\\/www.lfianvers.org\\\/wp-content\\\/uploads\\\/2022\\\/10\\\/221010-LFIA-Classrooms-33-372x300.jpg\",\"datePublished\":\"2022-10-04T12:43:45+00:00\",\"dateModified\":\"2026-03-20T10:39:02+00:00\",\"breadcrumb\":{\"@id\":\"https:\\\/\\\/www.lfianvers.org\\\/fr\\\/cursus-scolaire\\\/elementaire\\\/#breadcrumb\"},\"inLanguage\":\"fr-FR\",\"potentialAction\":[{\"@type\":\"ReadAction\",\"target\":[\"https:\\\/\\\/www.lfianvers.org\\\/fr\\\/cursus-scolaire\\\/elementaire\\\/\"]}]},{\"@type\":\"ImageObject\",\"inLanguage\":\"fr-FR\",\"@id\":\"https:\\\/\\\/www.lfianvers.org\\\/fr\\\/cursus-scolaire\\\/elementaire\\\/#primaryimage\",\"url\":\"https:\\\/\\\/www.lfianvers.org\\\/wp-content\\\/uploads\\\/2022\\\/10\\\/221010-LFIA-Classrooms-33-372x300.jpg\",\"contentUrl\":\"https:\\\/\\\/www.lfianvers.org\\\/wp-content\\\/uploads\\\/2022\\\/10\\\/221010-LFIA-Classrooms-33-372x300.jpg\"},{\"@type\":\"BreadcrumbList\",\"@id\":\"https:\\\/\\\/www.lfianvers.org\\\/fr\\\/cursus-scolaire\\\/elementaire\\\/#breadcrumb\",\"itemListElement\":[{\"@type\":\"ListItem\",\"position\":1,\"name\":\"Accueil\",\"item\":\"https:\\\/\\\/www.lfianvers.org\\\/fr\\\/\"},{\"@type\":\"ListItem\",\"position\":2,\"name\":\"Cursus scolaire\",\"item\":\"https:\\\/\\\/www.lfianvers.org\\\/fr\\\/cursus-scolaire\\\/\"},{\"@type\":\"ListItem\",\"position\":3,\"name\":\"\u00c9l\u00e9mentaire\"}]},{\"@type\":\"WebSite\",\"@id\":\"https:\\\/\\\/www.lfianvers.org\\\/fr\\\/#website\",\"url\":\"https:\\\/\\\/www.lfianvers.org\\\/fr\\\/\",\"name\":\"LFI Anvers\",\"description\":\"Lyc\u00e9e fran\u00e7ais international d&#039;Anvers\",\"potentialAction\":[{\"@type\":\"SearchAction\",\"target\":{\"@type\":\"EntryPoint\",\"urlTemplate\":\"https:\\\/\\\/www.lfianvers.org\\\/fr\\\/?s={search_term_string}\"},\"query-input\":{\"@type\":\"PropertyValueSpecification\",\"valueRequired\":true,\"valueName\":\"search_term_string\"}}],\"inLanguage\":\"fr-FR\"}]}<\/script>\n<!-- \/ Yoast SEO plugin. -->","yoast_head_json":{"title":"\u00c9l\u00e9mentaire - LFI Anvers","robots":{"index":"index","follow":"follow","max-snippet":"max-snippet:-1","max-image-preview":"max-image-preview:large","max-video-preview":"max-video-preview:-1"},"canonical":"https:\/\/www.lfianvers.org\/fr\/cursus-scolaire\/elementaire\/","og_locale":"fr_FR","og_type":"article","og_title":"\u00c9l\u00e9mentaire - LFI Anvers","og_description":"\u00c9l\u00e9mentaire \u00e9cole \u00e9l\u00e9mentaire du LFIA L\u2019\u00e9cole \u00e9l\u00e9mentaire comporte les classes du CP au CM2. Ce sont les classes du cycle [&hellip;]","og_url":"https:\/\/www.lfianvers.org\/fr\/cursus-scolaire\/elementaire\/","og_site_name":"LFI Anvers","article_modified_time":"2026-03-20T10:39:02+00:00","og_image":[{"url":"https:\/\/www.lfianvers.org\/wp-content\/uploads\/2022\/10\/221010-LFIA-Classrooms-33-372x300.jpg","type":"","width":"","height":""}],"twitter_card":"summary_large_image","twitter_misc":{"Dur\u00e9e de lecture estim\u00e9e":"7 minutes"},"schema":{"@context":"https:\/\/schema.org","@graph":[{"@type":"WebPage","@id":"https:\/\/www.lfianvers.org\/fr\/cursus-scolaire\/elementaire\/","url":"https:\/\/www.lfianvers.org\/fr\/cursus-scolaire\/elementaire\/","name":"\u00c9l\u00e9mentaire - LFI Anvers","isPartOf":{"@id":"https:\/\/www.lfianvers.org\/fr\/#website"},"primaryImageOfPage":{"@id":"https:\/\/www.lfianvers.org\/fr\/cursus-scolaire\/elementaire\/#primaryimage"},"image":{"@id":"https:\/\/www.lfianvers.org\/fr\/cursus-scolaire\/elementaire\/#primaryimage"},"thumbnailUrl":"https:\/\/www.lfianvers.org\/wp-content\/uploads\/2022\/10\/221010-LFIA-Classrooms-33-372x300.jpg","datePublished":"2022-10-04T12:43:45+00:00","dateModified":"2026-03-20T10:39:02+00:00","breadcrumb":{"@id":"https:\/\/www.lfianvers.org\/fr\/cursus-scolaire\/elementaire\/#breadcrumb"},"inLanguage":"fr-FR","potentialAction":[{"@type":"ReadAction","target":["https:\/\/www.lfianvers.org\/fr\/cursus-scolaire\/elementaire\/"]}]},{"@type":"ImageObject","inLanguage":"fr-FR","@id":"https:\/\/www.lfianvers.org\/fr\/cursus-scolaire\/elementaire\/#primaryimage","url":"https:\/\/www.lfianvers.org\/wp-content\/uploads\/2022\/10\/221010-LFIA-Classrooms-33-372x300.jpg","contentUrl":"https:\/\/www.lfianvers.org\/wp-content\/uploads\/2022\/10\/221010-LFIA-Classrooms-33-372x300.jpg"},{"@type":"BreadcrumbList","@id":"https:\/\/www.lfianvers.org\/fr\/cursus-scolaire\/elementaire\/#breadcrumb","itemListElement":[{"@type":"ListItem","position":1,"name":"Accueil","item":"https:\/\/www.lfianvers.org\/fr\/"},{"@type":"ListItem","position":2,"name":"Cursus scolaire","item":"https:\/\/www.lfianvers.org\/fr\/cursus-scolaire\/"},{"@type":"ListItem","position":3,"name":"\u00c9l\u00e9mentaire"}]},{"@type":"WebSite","@id":"https:\/\/www.lfianvers.org\/fr\/#website","url":"https:\/\/www.lfianvers.org\/fr\/","name":"LFI Anvers","description":"Lyc\u00e9e fran\u00e7ais international d&#039;Anvers","potentialAction":[{"@type":"SearchAction","target":{"@type":"EntryPoint","urlTemplate":"https:\/\/www.lfianvers.org\/fr\/?s={search_term_string}"},"query-input":{"@type":"PropertyValueSpecification","valueRequired":true,"valueName":"search_term_string"}}],"inLanguage":"fr-FR"}]}},"_links":{"self":[{"href":"https:\/\/www.lfianvers.org\/fr\/wp-json\/wp\/v2\/pages\/9279","targetHints":{"allow":["GET"]}}],"collection":[{"href":"https:\/\/www.lfianvers.org\/fr\/wp-json\/wp\/v2\/pages"}],"about":[{"href":"https:\/\/www.lfianvers.org\/fr\/wp-json\/wp\/v2\/types\/page"}],"author":[{"embeddable":true,"href":"https:\/\/www.lfianvers.org\/fr\/wp-json\/wp\/v2\/users\/18"}],"replies":[{"embeddable":true,"href":"https:\/\/www.lfianvers.org\/fr\/wp-json\/wp\/v2\/comments?post=9279"}],"version-history":[{"count":18,"href":"https:\/\/www.lfianvers.org\/fr\/wp-json\/wp\/v2\/pages\/9279\/revisions"}],"predecessor-version":[{"id":15407,"href":"https:\/\/www.lfianvers.org\/fr\/wp-json\/wp\/v2\/pages\/9279\/revisions\/15407"}],"up":[{"embeddable":true,"href":"https:\/\/www.lfianvers.org\/fr\/wp-json\/wp\/v2\/pages\/9273"}],"wp:attachment":[{"href":"https:\/\/www.lfianvers.org\/fr\/wp-json\/wp\/v2\/media?parent=9279"}],"curies":[{"name":"wp","href":"https:\/\/api.w.org\/{rel}","templated":true}]}}