{"id":9267,"date":"2022-10-04T14:41:23","date_gmt":"2022-10-04T12:41:23","guid":{"rendered":"https:\/\/lfia.agencebisart.com\/?page_id=9267"},"modified":"2026-03-20T11:34:36","modified_gmt":"2026-03-20T10:34:36","slug":"lequipe-administrative-pedagogique","status":"publish","type":"page","link":"https:\/\/www.lfianvers.org\/fr\/a-propos\/lequipe-administrative-pedagogique\/","title":{"rendered":"L&rsquo;\u00e9quipe administrative &#038; p\u00e9dagogique"},"content":{"rendered":"<p>\t\t\t\t<!-- avec ou sans CTA : m\u00eame code, \u00e7a centre verticalement le texte --><\/p>\n<div class=\"smallheader\" id=\"bloc_small_header_50\">\n<style type=\"text\/css\">\n\t\t\t\t\t\t\t#bloc_small_header_50 {background-image: url(https:\/\/www.lfianvers.org\/wp-content\/uploads\/2022\/10\/221010-LFIA-Spaces-32-610x270.jpg);}\n\t\t\t\t\t\t\t@media (min-width: 480px) {\t#bloc_small_header_50 {background-image: url(https:\/\/www.lfianvers.org\/wp-content\/uploads\/2022\/10\/221010-LFIA-Spaces-32-610x270.jpg);}}\n\t\t\t\t\t\t\t@media (min-width: 768px) {\t#bloc_small_header_50 {background-image: url(https:\/\/www.lfianvers.org\/wp-content\/uploads\/2022\/10\/221010-LFIA-Spaces-32-1024x684.jpg);}}\n\t\t\t\t\t\t\t@media (min-width: 992px) { #bloc_small_header_50 {background-image: url(https:\/\/www.lfianvers.org\/wp-content\/uploads\/2022\/10\/221010-LFIA-Spaces-32-1024x684.jpg);}}\n\t\t\t\t\t\t\t@media (min-width: 1200px) { #bloc_small_header_50 {background-image: url(https:\/\/www.lfianvers.org\/wp-content\/uploads\/2022\/10\/221010-LFIA-Spaces-32-1536x1026.jpg);}}\n\t\t\t\t\t\t<\/style>\n<div class=\"container d-flex flex-column justify-content-center align-items-start\">\n<h1><span>L&rsquo;\u00e9quipe administrative &#038; p\u00e9dagogique<\/span><\/h1>\n<\/p><\/div>\n<\/p><\/div>\n<div class=\"bloctext bloctext--color2 bloctext--haspattern\" id=\"bloc_6_51\">\n<div class=\"container\">\n<div class=\"row\">\n<div class=\"col-12 col-lg-4 col-xl-3 mb-1\">\n<h2><span>\u00e9quipe enseignante<\/span><\/h2>\n<\/p><\/div>\n<div class=\"col-12 col-lg-8 col-xl-9\">\n<div class=\"text pl-lg-4\">\n<p><strong>Les \u00e9quipes de LFIA sont et form\u00e9es pour mener \u00e0 bien le projet p\u00e9dagogique de l&rsquo;\u00e9cole.<\/strong><\/p>\n<p>Le chef d&rsquo;\u00e9tablissement et l\u2019\u00e9quipe enseignante ont pour mission de mener \u00e0 bien le projet p\u00e9dagogique dans les meilleures conditions \u00e9ducatives et humaines. Responsables de la p\u00e9dagogie, ils sont les garants du strict respect des programmes scolaires fran\u00e7ais et des principes qui fondent un \u00e9tablissement scolaire fran\u00e7ais \u00e0 l&rsquo;\u00e9tranger.<\/p>\n<p><strong>L\u2019\u00e9quipe \u00e9ducative est \u00e0 l&rsquo;image du projet de l&rsquo;\u00e9cole<\/strong>\u00a0:<\/p>\n<ul>\n<li><strong>Une \u00e9quipe qualifi\u00e9e et cosmopolite, <\/strong>compos\u00e9e de professeurs de diverses nationalit\u00e9s, toujours locuteurs natifs pour l&rsquo;enseignement des langues ;<\/li>\n<li><strong>Une \u00e9quipe engag\u00e9e pour l&rsquo;excellence \u00e9ducative et la r\u00e9ussite de tous nos \u00e9l\u00e8ves avec\u00a0<\/strong>les professeurs qui travaillent en \u00e9troite coop\u00e9ration afin d&rsquo;accompagner au mieux chaque \u00e9l\u00e8ve dans son d\u00e9veloppement ;<\/li>\n<li><strong>Une \u00e9quipe \u00e0 l&rsquo;\u00e9coute des familles,<\/strong>partie int\u00e9grante de la communaut\u00e9 du LFIA , avec qui les enseignants sont en contact permanent ;<\/li>\n<li><strong>Une \u00e9quipe innovante,<\/strong>pr\u00eate \u00e0 adapter en permanence ses m\u00e9thodes d&rsquo;apprentissages, en se formant aupr\u00e8s de sp\u00e9cialistes de l&rsquo;enseignement notamment des langues et des sciences \u00e9ducatives.<\/li>\n<\/ul><\/div>\n<\/p><\/div>\n<\/p><\/div>\n<\/p><\/div>\n<\/div>\n<div class=\"carouselcards carouselcards--nocolor\" id=\"bloc_8_52\">\n<div class=\"container\">\n<div class=\"row carouselcards-row\">\n<div class=\"col-12 col-lg-5 col-xl-4 mb-2\">\n<h2><span>\u00c9quipe administrative<\/span><\/h2>\n<p>\t\t\t\t<a href=\"https:\/\/www.lfianvers.org\/fr\/typologie\/equipe-administrative\/\">En savoir plus<\/a>\n\t\t\t<\/div>\n<div class=\"col-12 col-lg-7 col-xl-8\">\n<div id=\"carousel-bloc_8_52\" class=\"flexslider flexslider--carouselcards\">\n<ul class=\"slides list-unstyled\">\n<li class=\"slider-li\">\n<div class=\"card\">\n\t\t\t\t\t    \t\t<img decoding=\"async\" class=\"img-fluid\" src=\"https:\/\/www.lfianvers.org\/wp-content\/uploads\/2024\/07\/227-HteDef-2-1-372x330.jpg\" width=\"\" height=\"\" alt=\"Capon\"><\/p>\n<div class=\"text flex-column justify-content-between\">\n<div>\n<h3>Guillaume  Capon<\/h3>\n<p>Chef d&rsquo;\u00e9tablissement<\/p>\n<\/p><\/div>\n<p><a href=\"https:\/\/www.lfianvers.org\/fr\/membre\/14085\/\">En savoir plus<\/a>\t\t\t\t    \t<\/div>\n<\/p><\/div>\n<\/li>\n<li class=\"slider-li\">\n<div class=\"card\">\n\t\t\t\t\t    \t\t<img decoding=\"async\" class=\"img-fluid\" src=\"https:\/\/www.lfianvers.org\/wp-content\/uploads\/2024\/07\/FullSizeRender-1-1-372x330.jpg\" width=\"\" height=\"\" alt=\"Ntula\"><\/p>\n<div class=\"text flex-column justify-content-between\">\n<div>\n<h3>Claudine Ntula<\/h3>\n<p>Secr\u00e9taire de direction<\/p>\n<\/p><\/div>\n<p><a href=\"https:\/\/www.lfianvers.org\/fr\/membre\/claudinne-ntula\/\">En savoir plus<\/a>\t\t\t\t    \t<\/div>\n<\/p><\/div>\n<\/li>\n<li class=\"slider-li\">\n<div class=\"card\">\n\t\t\t\t\t    \t\t<img decoding=\"async\" class=\"img-fluid\" src=\"https:\/\/www.lfianvers.org\/wp-content\/uploads\/2024\/08\/DSC_5079__1___1_-removebg-preview-1-372x330.png\" width=\"\" height=\"\" alt=\"SARKYSIAN\"><\/p>\n<div class=\"text flex-column justify-content-between\">\n<div>\n<h3>Victoriya SARKYSIAN<\/h3>\n<p>Comptable<\/p>\n<\/p><\/div>\n<p><a href=\"https:\/\/www.lfianvers.org\/fr\/membre\/victoriya-sarkysian\/\">En savoir plus<\/a>\t\t\t\t    \t<\/div>\n<\/p><\/div>\n<\/li>\n<\/ul><\/div>\n<\/p><\/div>\n<\/p><\/div>\n<\/p><\/div>\n<\/div>\n<div class=\"carouselcards carouselcards--color4\" id=\"bloc_8_59\">\n<div class=\"container\">\n<div class=\"row carouselcards-row\">\n<div class=\"col-12 col-lg-5 col-xl-4 mb-2\">\n<h2><span>\u00c9quipe p\u00e9dagogique maternelle<\/span><\/h2>\n<p>\t\t\t\t<a href=\"https:\/\/www.lfianvers.org\/fr\/typologie\/equipe-pedagogique\/\">En savoir plus<\/a>\n\t\t\t<\/div>\n<div class=\"col-12 col-lg-7 col-xl-8\">\n<div id=\"carousel-bloc_8_59\" class=\"flexslider flexslider--carouselcards\">\n<ul class=\"slides list-unstyled\">\n<li class=\"slider-li\">\n<div class=\"card\">\n\t\t\t\t\t    \t\t<img decoding=\"async\" class=\"img-fluid\" src=\"https:\/\/www.lfianvers.org\/wp-content\/uploads\/2022\/10\/IMG_8010-372x330.jpg\" width=\"\" height=\"\" alt=\"La Torre\"><\/p>\n<div class=\"text flex-column justify-content-between\">\n<div>\n<h3>Nathalie La Torre<\/h3>\n<p>Ecole maternelle TPS\/PS\/MS &#8211; Fran\u00e7ais<\/p>\n<\/p><\/div>\n<p><a href=\"https:\/\/www.lfianvers.org\/fr\/membre\/nathalie-la-torre\/\">En savoir plus<\/a>\t\t\t\t    \t<\/div>\n<\/p><\/div>\n<\/li>\n<li class=\"slider-li\">\n<div class=\"card\">\n\t\t\t\t\t    \t\t<img decoding=\"async\" class=\"img-fluid\" src=\"https:\/\/www.lfianvers.org\/wp-content\/uploads\/2022\/10\/uche-372x330.jpg\" width=\"\" height=\"\" alt=\"Obi\"><\/p>\n<div class=\"text flex-column justify-content-between\">\n<div>\n<h3>Uche Obi<\/h3>\n<p>Ecole maternelle TPS\/PS\/MS &#8211; Anglais<\/p>\n<\/p><\/div>\n<p><a href=\"https:\/\/www.lfianvers.org\/fr\/membre\/uche-obi\/\">En savoir plus<\/a>\t\t\t\t    \t<\/div>\n<\/p><\/div>\n<\/li>\n<li class=\"slider-li\">\n<div class=\"card\">\n\t\t\t\t\t    \t\t<img decoding=\"async\" class=\"img-fluid\" src=\"https:\/\/www.lfianvers.org\/wp-content\/uploads\/2022\/10\/marceline-372x330.jpg\" width=\"\" height=\"\" alt=\"Papa Zang\"><\/p>\n<div class=\"text flex-column justify-content-between\">\n<div>\n<h3>Marceline Papa Zang<\/h3>\n<p>Ecole maternelle GS &#8211; Fran\u00e7ais<\/p>\n<\/p><\/div>\n<p><a href=\"https:\/\/www.lfianvers.org\/fr\/membre\/marceline-papa-zang\/\">En savoir plus<\/a>\t\t\t\t    \t<\/div>\n<\/p><\/div>\n<\/li>\n<li class=\"slider-li\">\n<div class=\"card\">\n\t\t\t\t\t    \t\t<img decoding=\"async\" class=\"img-fluid\" src=\"https:\/\/www.lfianvers.org\/wp-content\/uploads\/2022\/10\/stephanie-372x330.jpg\" width=\"\" height=\"\" alt=\"Possemiers\"><\/p>\n<div class=\"text flex-column justify-content-between\">\n<div>\n<h3>St\u00e9phanie Possemiers<\/h3>\n<p>Ecole maternelle GS &#8211; N\u00e9erlandais<\/p>\n<\/p><\/div>\n<p><a href=\"https:\/\/www.lfianvers.org\/fr\/membre\/stephanie-possemiers\/\">En savoir plus<\/a>\t\t\t\t    \t<\/div>\n<\/p><\/div>\n<\/li>\n<\/ul><\/div>\n<\/p><\/div>\n<\/p><\/div>\n<\/p><\/div>\n<\/div>\n<div class=\"carouselcards carouselcards--nocolor\" id=\"bloc_8_68\">\n<div class=\"container\">\n<div class=\"row carouselcards-row\">\n<div class=\"col-12 col-lg-5 col-xl-4 mb-2\">\n<h2><span>\u00c9quipe p\u00e9dagogique \u00e9l\u00e9mentaire<\/span><\/h2>\n<p>\t\t\t\t<a href=\"https:\/\/www.lfianvers.org\/fr\/typologie\/equipe-pedagogique-elementaire\/\">En savoir plus<\/a>\n\t\t\t<\/div>\n<div class=\"col-12 col-lg-7 col-xl-8\">\n<div id=\"carousel-bloc_8_68\" class=\"flexslider flexslider--carouselcards\">\n<ul class=\"slides list-unstyled\">\n<li class=\"slider-li\">\n<div class=\"card\">\n\t\t\t\t\t    \t\t<img decoding=\"async\" class=\"img-fluid\" src=\"https:\/\/www.lfianvers.org\/wp-content\/uploads\/2024\/10\/IMG_7969-372x330.jpg\" width=\"\" height=\"\" alt=\"Defoug\"><\/p>\n<div class=\"text flex-column justify-content-between\">\n<div>\n<h3>Fran\u00e7oise Defoug<\/h3>\n<p>Ecole \u00e9l\u00e9mentaire CP\/CE1 &#8211; Fran\u00e7ais<\/p>\n<\/p><\/div>\n<p><a href=\"https:\/\/www.lfianvers.org\/fr\/membre\/francoise-defouf\/\">En savoir plus<\/a>\t\t\t\t    \t<\/div>\n<\/p><\/div>\n<\/li>\n<li class=\"slider-li\">\n<div class=\"card\">\n\t\t\t\t\t    \t\t<img decoding=\"async\" class=\"img-fluid\" src=\"https:\/\/www.lfianvers.org\/wp-content\/uploads\/2022\/10\/IMG_9159-372x330.jpg\" width=\"\" height=\"\" alt=\"Fletcher\"><\/p>\n<div class=\"text flex-column justify-content-between\">\n<div>\n<h3>Victoria Fletcher<\/h3>\n<p>Ecole Maternelle &#038; El\u00e9mentaire GS &#038; CP (Anglais)<\/p>\n<\/p><\/div>\n<p><a href=\"https:\/\/www.lfianvers.org\/fr\/membre\/victoria-fletcher\/\">En savoir plus<\/a>\t\t\t\t    \t<\/div>\n<\/p><\/div>\n<\/li>\n<li class=\"slider-li\">\n<div class=\"card\">\n\t\t\t\t\t    \t\t<img decoding=\"async\" class=\"img-fluid\" src=\"https:\/\/www.lfianvers.org\/wp-content\/uploads\/2022\/10\/stephanie-372x330.jpg\" width=\"\" height=\"\" alt=\"Possemiers\"><\/p>\n<div class=\"text flex-column justify-content-between\">\n<div>\n<h3>St\u00e9phanie Possemiers<\/h3>\n<p>Ecole \u00e9l\u00e9mentaire CP\/CE1\/CE2\/CM1\/CM2 &#8211; N\u00e9erlandais<\/p>\n<\/p><\/div>\n<p><a href=\"https:\/\/www.lfianvers.org\/fr\/membre\/stephanie-possemiers-2\/\">En savoir plus<\/a>\t\t\t\t    \t<\/div>\n<\/p><\/div>\n<\/li>\n<li class=\"slider-li\">\n<div class=\"card\">\n\t\t\t\t\t    \t\t<img decoding=\"async\" class=\"img-fluid\" src=\"https:\/\/www.lfianvers.org\/wp-content\/uploads\/2024\/10\/IMG_9541-372x330.jpg\" width=\"\" height=\"\" alt=\"Capon\"><\/p>\n<div class=\"text flex-column justify-content-between\">\n<div>\n<h3>Pauline Capon<\/h3>\n<p>Ecole \u00e9l\u00e9mentaire CP\/CE1 &#8211; Fran\u00e7ais<\/p>\n<\/p><\/div>\n<p><a href=\"https:\/\/www.lfianvers.org\/fr\/membre\/14453\/\">En savoir plus<\/a>\t\t\t\t    \t<\/div>\n<\/p><\/div>\n<\/li>\n<li class=\"slider-li\">\n<div class=\"card\">\n\t\t\t\t\t    \t\t<img decoding=\"async\" class=\"img-fluid\" src=\"https:\/\/www.lfianvers.org\/wp-content\/uploads\/2022\/10\/christele-372x330.jpg\" width=\"\" height=\"\" alt=\"Goulet\"><\/p>\n<div class=\"text flex-column justify-content-between\">\n<div>\n<h3>Christ\u00e8le Goulet<\/h3>\n<p>Ecole \u00e9l\u00e9mentaire CE2 &#8211; Fran\u00e7ais<\/p>\n<\/p><\/div>\n<p><a href=\"https:\/\/www.lfianvers.org\/fr\/membre\/christele-goulet\/\">En savoir plus<\/a>\t\t\t\t    \t<\/div>\n<\/p><\/div>\n<\/li>\n<li class=\"slider-li\">\n<div class=\"card\">\n\t\t\t\t\t    \t\t<img decoding=\"async\" class=\"img-fluid\" src=\"https:\/\/www.lfianvers.org\/wp-content\/uploads\/2024\/10\/IMG_9137-3-372x330.jpg\" width=\"\" height=\"\" alt=\"Khodokarami\"><\/p>\n<div class=\"text flex-column justify-content-between\">\n<div>\n<h3>Hasti Khodokarami<\/h3>\n<p>Ecole El\u00e9mentaire CE1\/CE2 Anglais<\/p>\n<\/p><\/div>\n<p><a href=\"https:\/\/www.lfianvers.org\/fr\/membre\/hasti-khodokarami\/\">En savoir plus<\/a>\t\t\t\t    \t<\/div>\n<\/p><\/div>\n<\/li>\n<li class=\"slider-li\">\n<div class=\"card\">\n\t\t\t\t\t    \t\t<img decoding=\"async\" class=\"img-fluid\" src=\"https:\/\/www.lfianvers.org\/wp-content\/uploads\/2022\/10\/IMG_9143-1-372x330.jpg\" width=\"\" height=\"\" alt=\"Marchand\"><\/p>\n<div class=\"text flex-column justify-content-between\">\n<div>\n<h3>Val\u00e9rie Marchand<\/h3>\n<p>Ecole \u00e9l\u00e9mentaire CM1\/CM2 &#8211; Fran\u00e7ais<\/p>\n<\/p><\/div>\n<p><a href=\"https:\/\/www.lfianvers.org\/fr\/membre\/valerie-marchand\/\">En savoir plus<\/a>\t\t\t\t    \t<\/div>\n<\/p><\/div>\n<\/li>\n<li class=\"slider-li\">\n<div class=\"card\">\n\t\t\t\t\t    \t\t<img decoding=\"async\" class=\"img-fluid\" src=\"https:\/\/www.lfianvers.org\/wp-content\/uploads\/2024\/10\/IMG-20240514-WA0005-372x330.jpg\" width=\"\" height=\"\" alt=\"Mekrani\"><\/p>\n<div class=\"text flex-column justify-content-between\">\n<div>\n<h3>Dilshad Mekrani<\/h3>\n<p>Ecole \u00e9l\u00e9mentaire CM1\/CM2 Anglais<\/p>\n<\/p><\/div>\n<p><a href=\"https:\/\/www.lfianvers.org\/fr\/membre\/dilshad-mekrani\/\">En savoir plus<\/a>\t\t\t\t    \t<\/div>\n<\/p><\/div>\n<\/li>\n<\/ul><\/div>\n<\/p><\/div>\n<\/p><\/div>\n<\/p><\/div>\n<\/div>\n<div class=\"carouselcards carouselcards--color4\" id=\"bloc_8_85\">\n<div class=\"container\">\n<div class=\"row carouselcards-row\">\n<div class=\"col-12 col-lg-5 col-xl-4 mb-2\">\n<h2><span>\u00c9quipe p\u00e9dagogique coll\u00e8ge &amp; lyc\u00e9e<\/span><\/h2>\n<p>\t\t\t\t<a href=\"https:\/\/www.lfianvers.org\/fr\/typologie\/equipe-pedagogique-college-lycee\/\">En savoir plus<\/a>\n\t\t\t<\/div>\n<div class=\"col-12 col-lg-7 col-xl-8\">\n<div id=\"carousel-bloc_8_85\" class=\"flexslider flexslider--carouselcards\">\n<ul class=\"slides list-unstyled\">\n<li class=\"slider-li\">\n<div class=\"card\">\n\t\t\t\t\t    \t\t<img decoding=\"async\" class=\"img-fluid\" src=\"https:\/\/www.lfianvers.org\/wp-content\/uploads\/2022\/10\/garlonne-372x330.jpg\" width=\"\" height=\"\" alt=\"Lajonie\"><\/p>\n<div class=\"text flex-column justify-content-between\">\n<div>\n<h3>Garlone Lajonie<\/h3>\n<p>Coll\u00e8ge &#038; Lyc\u00e9e &#8211; Lettres et Arts Plastiques<\/p>\n<\/p><\/div>\n<p><a href=\"https:\/\/www.lfianvers.org\/fr\/membre\/garlone-lajonie\/\">En savoir plus<\/a>\t\t\t\t    \t<\/div>\n<\/p><\/div>\n<\/li>\n<li class=\"slider-li\">\n<div class=\"card\">\n\t\t\t\t\t    \t\t<img decoding=\"async\" class=\"img-fluid\" src=\"https:\/\/www.lfianvers.org\/wp-content\/uploads\/2022\/10\/dubois-372x330.jpg\" width=\"\" height=\"\" alt=\"Dubois\"><\/p>\n<div class=\"text flex-column justify-content-between\">\n<div>\n<h3>Mich\u00e8le Dubois<\/h3>\n<p>Coll\u00e8ge &#038; Lyc\u00e9e &#8211; Histoire-G\u00e9ographie et \u00c9ducation civique<\/p>\n<\/p><\/div>\n<p><a href=\"https:\/\/www.lfianvers.org\/fr\/membre\/michele-dubois\/\">En savoir plus<\/a>\t\t\t\t    \t<\/div>\n<\/p><\/div>\n<\/li>\n<li class=\"slider-li\">\n<div class=\"card\">\n\t\t\t\t\t    \t\t<img decoding=\"async\" class=\"img-fluid\" src=\"https:\/\/www.lfianvers.org\/wp-content\/uploads\/2022\/10\/sacha-372x330.jpg\" width=\"\" height=\"\" alt=\"Bentura\"><\/p>\n<div class=\"text flex-column justify-content-between\">\n<div>\n<h3>Sacha Bentura<\/h3>\n<p>Coll\u00e8ge &#038; Lyc\u00e9e &#8211; Math\u00e9matiques et Technologies<\/p>\n<\/p><\/div>\n<p><a href=\"https:\/\/www.lfianvers.org\/fr\/membre\/sacha-bentura\/\">En savoir plus<\/a>\t\t\t\t    \t<\/div>\n<\/p><\/div>\n<\/li>\n<li class=\"slider-li\">\n<div class=\"card\">\n\t\t\t\t\t    \t\t<img decoding=\"async\" class=\"img-fluid\" src=\"https:\/\/www.lfianvers.org\/wp-content\/uploads\/2022\/10\/marna-372x330.jpg\" width=\"\" height=\"\" alt=\"Naude\"><\/p>\n<div class=\"text flex-column justify-content-between\">\n<div>\n<h3>Marna Naude<\/h3>\n<p>Coll\u00e8ge &#038; Lyc\u00e9e &#8211; Anglais<\/p>\n<\/p><\/div>\n<p><a href=\"https:\/\/www.lfianvers.org\/fr\/membre\/marna-naude-2\/\">En savoir plus<\/a>\t\t\t\t    \t<\/div>\n<\/p><\/div>\n<\/li>\n<li class=\"slider-li\">\n<div class=\"card\">\n\t\t\t\t\t    \t\t<img decoding=\"async\" class=\"img-fluid\" src=\"https:\/\/www.lfianvers.org\/wp-content\/uploads\/2024\/10\/IMG_7990-372x330.jpg\" width=\"\" height=\"\" alt=\"Acosta\"><\/p>\n<div class=\"text flex-column justify-content-between\">\n<div>\n<h3>Sonia Acosta<\/h3>\n<p>Enseignante d&rsquo;Espagnol &#038; de Th\u00e9\u00e2tre<\/p>\n<\/p><\/div>\n<p><a href=\"https:\/\/www.lfianvers.org\/fr\/membre\/sonia-acosta\/\">En savoir plus<\/a>\t\t\t\t    \t<\/div>\n<\/p><\/div>\n<\/li>\n<li class=\"slider-li\">\n<div class=\"card\">\n\t\t\t\t\t    \t\t<img decoding=\"async\" class=\"img-fluid\" src=\"https:\/\/www.lfianvers.org\/wp-content\/uploads\/2024\/10\/IMG_7984-372x330.jpg\" width=\"\" height=\"\" alt=\"Nathalie\"><\/p>\n<div class=\"text flex-column justify-content-between\">\n<div>\n<h3>Clauwaert  Nathalie<\/h3>\n<p>Enseignante de N\u00e9erlandais MS\/GS &#038; Secondaire<\/p>\n<\/p><\/div>\n<p><a href=\"https:\/\/www.lfianvers.org\/fr\/membre\/nathalie-clauwaert\/\">En savoir plus<\/a>\t\t\t\t    \t<\/div>\n<\/p><\/div>\n<\/li>\n<\/ul><\/div>\n<\/p><\/div>\n<\/p><\/div>\n<\/p><\/div>\n<\/div>\n<div class=\"blocinfo blocinfo--color4\" id=\"bloc_10_98\">\n<div class=\"container\">\n<div class=\"row\">\n<div class=\"col-12 col-md-6\">\n<h2><span>D\u00e9marrer son avenir d\u00e8s aujourd&rsquo;hui !<\/span><\/h2>\n<p>Venez nous rencontrer<\/p>\n<p>\t\t\t\t<!-- Changer la classe de couleur du bouton en fonction de la couleur g\u00e9n\u00e9rale du bloc --><\/p>\n<div class=\"bloc_cta\" >\n\t<a href=\"https:\/\/www.lfianvers.org\/fr\/admissions\/\" title=\"S'inscrire\" target=\"\" class=\"mr-3 btn btn--color4\">S&rsquo;inscrire<\/a> \t\t\t\t<\/div>\n<\/p><\/div>\n<\/p><\/div>\n<\/p><\/div>\n<\/div>\n","protected":false},"excerpt":{"rendered":"<p>L&rsquo;\u00e9quipe administrative &#038; p\u00e9dagogique \u00e9quipe enseignante Les \u00e9quipes de LFIA sont et form\u00e9es pour mener \u00e0 bien le projet p\u00e9dagogique [&hellip;]<\/p>\n","protected":false},"author":18,"featured_media":0,"parent":9259,"menu_order":5,"comment_status":"closed","ping_status":"closed","template":"","meta":{"_acf_changed":false,"kdcopypost-origin-url":"","kdcopypost-origin-id":"","footnotes":""},"class_list":["post-9267","page","type-page","status-publish","hentry"],"acf":[],"yoast_head":"<!-- This site is optimized with the Yoast SEO plugin v27.5 - https:\/\/yoast.com\/product\/yoast-seo-wordpress\/ -->\n<title>L&#039;\u00e9quipe administrative &amp; p\u00e9dagogique - LFI Anvers<\/title>\n<meta name=\"robots\" content=\"index, follow, max-snippet:-1, max-image-preview:large, max-video-preview:-1\" \/>\n<link rel=\"canonical\" href=\"https:\/\/www.lfianvers.org\/fr\/a-propos\/lequipe-administrative-pedagogique\/\" \/>\n<meta property=\"og:locale\" content=\"fr_FR\" \/>\n<meta property=\"og:type\" content=\"article\" \/>\n<meta property=\"og:title\" content=\"L&#039;\u00e9quipe administrative &amp; p\u00e9dagogique - LFI Anvers\" \/>\n<meta property=\"og:description\" content=\"L&rsquo;\u00e9quipe administrative &#038; p\u00e9dagogique \u00e9quipe enseignante Les \u00e9quipes de LFIA sont et form\u00e9es pour mener \u00e0 bien le projet p\u00e9dagogique [&hellip;]\" \/>\n<meta property=\"og:url\" content=\"https:\/\/www.lfianvers.org\/fr\/a-propos\/lequipe-administrative-pedagogique\/\" \/>\n<meta property=\"og:site_name\" content=\"LFI Anvers\" \/>\n<meta property=\"article:modified_time\" content=\"2026-03-20T10:34:36+00:00\" \/>\n<meta property=\"og:image\" content=\"https:\/\/www.lfianvers.org\/wp-content\/uploads\/2024\/07\/227-HteDef-2-1-372x330.jpg\" \/>\n<meta name=\"twitter:card\" content=\"summary_large_image\" \/>\n<meta name=\"twitter:label1\" content=\"Dur\u00e9e de lecture estim\u00e9e\" \/>\n\t<meta name=\"twitter:data1\" content=\"9 minutes\" \/>\n<script type=\"application\/ld+json\" class=\"yoast-schema-graph\">{\"@context\":\"https:\\\/\\\/schema.org\",\"@graph\":[{\"@type\":\"WebPage\",\"@id\":\"https:\\\/\\\/www.lfianvers.org\\\/fr\\\/a-propos\\\/lequipe-administrative-pedagogique\\\/\",\"url\":\"https:\\\/\\\/www.lfianvers.org\\\/fr\\\/a-propos\\\/lequipe-administrative-pedagogique\\\/\",\"name\":\"L'\u00e9quipe administrative & p\u00e9dagogique - LFI Anvers\",\"isPartOf\":{\"@id\":\"https:\\\/\\\/www.lfianvers.org\\\/fr\\\/#website\"},\"primaryImageOfPage\":{\"@id\":\"https:\\\/\\\/www.lfianvers.org\\\/fr\\\/a-propos\\\/lequipe-administrative-pedagogique\\\/#primaryimage\"},\"image\":{\"@id\":\"https:\\\/\\\/www.lfianvers.org\\\/fr\\\/a-propos\\\/lequipe-administrative-pedagogique\\\/#primaryimage\"},\"thumbnailUrl\":\"https:\\\/\\\/www.lfianvers.org\\\/wp-content\\\/uploads\\\/2024\\\/07\\\/227-HteDef-2-1-372x330.jpg\",\"datePublished\":\"2022-10-04T12:41:23+00:00\",\"dateModified\":\"2026-03-20T10:34:36+00:00\",\"breadcrumb\":{\"@id\":\"https:\\\/\\\/www.lfianvers.org\\\/fr\\\/a-propos\\\/lequipe-administrative-pedagogique\\\/#breadcrumb\"},\"inLanguage\":\"fr-FR\",\"potentialAction\":[{\"@type\":\"ReadAction\",\"target\":[\"https:\\\/\\\/www.lfianvers.org\\\/fr\\\/a-propos\\\/lequipe-administrative-pedagogique\\\/\"]}]},{\"@type\":\"ImageObject\",\"inLanguage\":\"fr-FR\",\"@id\":\"https:\\\/\\\/www.lfianvers.org\\\/fr\\\/a-propos\\\/lequipe-administrative-pedagogique\\\/#primaryimage\",\"url\":\"https:\\\/\\\/www.lfianvers.org\\\/wp-content\\\/uploads\\\/2024\\\/07\\\/227-HteDef-2-1-372x330.jpg\",\"contentUrl\":\"https:\\\/\\\/www.lfianvers.org\\\/wp-content\\\/uploads\\\/2024\\\/07\\\/227-HteDef-2-1-372x330.jpg\"},{\"@type\":\"BreadcrumbList\",\"@id\":\"https:\\\/\\\/www.lfianvers.org\\\/fr\\\/a-propos\\\/lequipe-administrative-pedagogique\\\/#breadcrumb\",\"itemListElement\":[{\"@type\":\"ListItem\",\"position\":1,\"name\":\"Accueil\",\"item\":\"https:\\\/\\\/www.lfianvers.org\\\/fr\\\/\"},{\"@type\":\"ListItem\",\"position\":2,\"name\":\"\u00c0 propos\",\"item\":\"https:\\\/\\\/www.lfianvers.org\\\/fr\\\/a-propos\\\/\"},{\"@type\":\"ListItem\",\"position\":3,\"name\":\"L&rsquo;\u00e9quipe administrative &#038; p\u00e9dagogique\"}]},{\"@type\":\"WebSite\",\"@id\":\"https:\\\/\\\/www.lfianvers.org\\\/fr\\\/#website\",\"url\":\"https:\\\/\\\/www.lfianvers.org\\\/fr\\\/\",\"name\":\"LFI Anvers\",\"description\":\"Lyc\u00e9e fran\u00e7ais international d&#039;Anvers\",\"potentialAction\":[{\"@type\":\"SearchAction\",\"target\":{\"@type\":\"EntryPoint\",\"urlTemplate\":\"https:\\\/\\\/www.lfianvers.org\\\/fr\\\/?s={search_term_string}\"},\"query-input\":{\"@type\":\"PropertyValueSpecification\",\"valueRequired\":true,\"valueName\":\"search_term_string\"}}],\"inLanguage\":\"fr-FR\"}]}<\/script>\n<!-- \/ Yoast SEO plugin. -->","yoast_head_json":{"title":"L'\u00e9quipe administrative & p\u00e9dagogique - LFI Anvers","robots":{"index":"index","follow":"follow","max-snippet":"max-snippet:-1","max-image-preview":"max-image-preview:large","max-video-preview":"max-video-preview:-1"},"canonical":"https:\/\/www.lfianvers.org\/fr\/a-propos\/lequipe-administrative-pedagogique\/","og_locale":"fr_FR","og_type":"article","og_title":"L'\u00e9quipe administrative & p\u00e9dagogique - LFI Anvers","og_description":"L&rsquo;\u00e9quipe administrative &#038; p\u00e9dagogique \u00e9quipe enseignante Les \u00e9quipes de LFIA sont et form\u00e9es pour mener \u00e0 bien le projet p\u00e9dagogique [&hellip;]","og_url":"https:\/\/www.lfianvers.org\/fr\/a-propos\/lequipe-administrative-pedagogique\/","og_site_name":"LFI Anvers","article_modified_time":"2026-03-20T10:34:36+00:00","og_image":[{"url":"https:\/\/www.lfianvers.org\/wp-content\/uploads\/2024\/07\/227-HteDef-2-1-372x330.jpg","type":"","width":"","height":""}],"twitter_card":"summary_large_image","twitter_misc":{"Dur\u00e9e de lecture estim\u00e9e":"9 minutes"},"schema":{"@context":"https:\/\/schema.org","@graph":[{"@type":"WebPage","@id":"https:\/\/www.lfianvers.org\/fr\/a-propos\/lequipe-administrative-pedagogique\/","url":"https:\/\/www.lfianvers.org\/fr\/a-propos\/lequipe-administrative-pedagogique\/","name":"L'\u00e9quipe administrative & p\u00e9dagogique - LFI Anvers","isPartOf":{"@id":"https:\/\/www.lfianvers.org\/fr\/#website"},"primaryImageOfPage":{"@id":"https:\/\/www.lfianvers.org\/fr\/a-propos\/lequipe-administrative-pedagogique\/#primaryimage"},"image":{"@id":"https:\/\/www.lfianvers.org\/fr\/a-propos\/lequipe-administrative-pedagogique\/#primaryimage"},"thumbnailUrl":"https:\/\/www.lfianvers.org\/wp-content\/uploads\/2024\/07\/227-HteDef-2-1-372x330.jpg","datePublished":"2022-10-04T12:41:23+00:00","dateModified":"2026-03-20T10:34:36+00:00","breadcrumb":{"@id":"https:\/\/www.lfianvers.org\/fr\/a-propos\/lequipe-administrative-pedagogique\/#breadcrumb"},"inLanguage":"fr-FR","potentialAction":[{"@type":"ReadAction","target":["https:\/\/www.lfianvers.org\/fr\/a-propos\/lequipe-administrative-pedagogique\/"]}]},{"@type":"ImageObject","inLanguage":"fr-FR","@id":"https:\/\/www.lfianvers.org\/fr\/a-propos\/lequipe-administrative-pedagogique\/#primaryimage","url":"https:\/\/www.lfianvers.org\/wp-content\/uploads\/2024\/07\/227-HteDef-2-1-372x330.jpg","contentUrl":"https:\/\/www.lfianvers.org\/wp-content\/uploads\/2024\/07\/227-HteDef-2-1-372x330.jpg"},{"@type":"BreadcrumbList","@id":"https:\/\/www.lfianvers.org\/fr\/a-propos\/lequipe-administrative-pedagogique\/#breadcrumb","itemListElement":[{"@type":"ListItem","position":1,"name":"Accueil","item":"https:\/\/www.lfianvers.org\/fr\/"},{"@type":"ListItem","position":2,"name":"\u00c0 propos","item":"https:\/\/www.lfianvers.org\/fr\/a-propos\/"},{"@type":"ListItem","position":3,"name":"L&rsquo;\u00e9quipe administrative &#038; p\u00e9dagogique"}]},{"@type":"WebSite","@id":"https:\/\/www.lfianvers.org\/fr\/#website","url":"https:\/\/www.lfianvers.org\/fr\/","name":"LFI Anvers","description":"Lyc\u00e9e fran\u00e7ais international d&#039;Anvers","potentialAction":[{"@type":"SearchAction","target":{"@type":"EntryPoint","urlTemplate":"https:\/\/www.lfianvers.org\/fr\/?s={search_term_string}"},"query-input":{"@type":"PropertyValueSpecification","valueRequired":true,"valueName":"search_term_string"}}],"inLanguage":"fr-FR"}]}},"_links":{"self":[{"href":"https:\/\/www.lfianvers.org\/fr\/wp-json\/wp\/v2\/pages\/9267","targetHints":{"allow":["GET"]}}],"collection":[{"href":"https:\/\/www.lfianvers.org\/fr\/wp-json\/wp\/v2\/pages"}],"about":[{"href":"https:\/\/www.lfianvers.org\/fr\/wp-json\/wp\/v2\/types\/page"}],"author":[{"embeddable":true,"href":"https:\/\/www.lfianvers.org\/fr\/wp-json\/wp\/v2\/users\/18"}],"replies":[{"embeddable":true,"href":"https:\/\/www.lfianvers.org\/fr\/wp-json\/wp\/v2\/comments?post=9267"}],"version-history":[{"count":27,"href":"https:\/\/www.lfianvers.org\/fr\/wp-json\/wp\/v2\/pages\/9267\/revisions"}],"predecessor-version":[{"id":15379,"href":"https:\/\/www.lfianvers.org\/fr\/wp-json\/wp\/v2\/pages\/9267\/revisions\/15379"}],"up":[{"embeddable":true,"href":"https:\/\/www.lfianvers.org\/fr\/wp-json\/wp\/v2\/pages\/9259"}],"wp:attachment":[{"href":"https:\/\/www.lfianvers.org\/fr\/wp-json\/wp\/v2\/media?parent=9267"}],"curies":[{"name":"wp","href":"https:\/\/api.w.org\/{rel}","templated":true}]}}