{"id":9259,"date":"2022-10-04T14:39:28","date_gmt":"2022-10-04T12:39:28","guid":{"rendered":"https:\/\/lfia.agencebisart.com\/?page_id=9259"},"modified":"2026-03-20T11:31:27","modified_gmt":"2026-03-20T10:31:27","slug":"a-propos","status":"publish","type":"page","link":"https:\/\/www.lfianvers.org\/fr\/a-propos\/","title":{"rendered":"\u00c0 propos"},"content":{"rendered":"<p>\t\t\t\t<!-- avec ou sans CTA : m\u00eame code, \u00e7a centre verticalement le texte --><\/p>\n<div class=\"smallheader\" id=\"bloc_small_header_8\">\n<style type=\"text\/css\">\n\t\t\t\t\t\t\t#bloc_small_header_8 {background-image: url(https:\/\/www.lfianvers.org\/wp-content\/uploads\/2022\/10\/221010-LFIA-Spaces-39-610x270.jpg);}\n\t\t\t\t\t\t\t@media (min-width: 480px) {\t#bloc_small_header_8 {background-image: url(https:\/\/www.lfianvers.org\/wp-content\/uploads\/2022\/10\/221010-LFIA-Spaces-39-610x270.jpg);}}\n\t\t\t\t\t\t\t@media (min-width: 768px) {\t#bloc_small_header_8 {background-image: url(https:\/\/www.lfianvers.org\/wp-content\/uploads\/2022\/10\/221010-LFIA-Spaces-39-1024x684.jpg);}}\n\t\t\t\t\t\t\t@media (min-width: 992px) { #bloc_small_header_8 {background-image: url(https:\/\/www.lfianvers.org\/wp-content\/uploads\/2022\/10\/221010-LFIA-Spaces-39-1024x684.jpg);}}\n\t\t\t\t\t\t\t@media (min-width: 1200px) { #bloc_small_header_8 {background-image: url(https:\/\/www.lfianvers.org\/wp-content\/uploads\/2022\/10\/221010-LFIA-Spaces-39-1536x1026.jpg);}}\n\t\t\t\t\t\t<\/style>\n<div class=\"container d-flex flex-column justify-content-center align-items-start\">\n<h1><span>\u00c0 propos<\/span><\/h1>\n<\/p><\/div>\n<\/p><\/div>\n<div class=\"blocmedia blocmedia--textright blocmedia--nocolor\" id=\"bloc_2_9\">\n<div class=\"container\">\n<div class=\"row\">\n<div class=\"col-12 col-md-6\">\n<div class=\"slider\">\n<div id=\"slider-bloc_2_9\" class=\"flexslider flexslider--blocmedia loading\">\n<ul class=\"slides list-unstyled\">\n<li class=\"slider-li\">\n\t\t\t\t\t\t\t\t\t\t     \t<a data-fancybox=\"rel-slider-bloc_2_9\" data-caption=\"\" href=\"https:\/\/www.lfianvers.org\/wp-content\/uploads\/2024\/07\/227-HteDef-2-1.jpg\"><br \/>\n\t\t\t\t\t\t\t\t\t\t\t\t\t<img decoding=\"async\" class=\"img-fluid\" src=\"https:\/\/www.lfianvers.org\/wp-content\/uploads\/2024\/07\/227-HteDef-2-1.jpg\" width=\"\" height=\"\" alt=\"\"><br \/>\n\t\t\t\t\t\t\t\t\t\t\t\t<\/a>\n\t\t\t\t\t\t\t\t\t\t     <\/li>\n<\/ul><\/div>\n<\/p><\/div>\n<\/p><\/div>\n<div class=\"col-12 col-md-5 d-flex flex-column justify-content-center align-items-start mb-2 mb-md-0\">\n<div class=\"text\">\n<h2><span>Mot du Chef d\u2019\u00e9tablissement<\/span><\/h2>\n<p>Que vous soyez nouvellement install\u00e9s \u00e0 Anvers ou des habitu\u00e9s de notre maison, que vous soyez convaincus de l\u2019excellence de l&rsquo;enseignement \u00e0 la fran\u00e7aise ou curieux de conna\u00eetre ce qu\u2019il propose de si particulier, que vous soyez hommes, femmes, adultes ou enfants, le Lyc\u00e9e fran\u00e7ais international d\u2019Anvers vous ouvre, tous les matins, grandes ses portes et est fier de vous accueillir. Notre \u00e9tablissement, fond\u00e9 en 1919, est le seul lyc\u00e9e international fran\u00e7ais en Flandres \u00e0 proposer un enseignement bilingue fran\u00e7ais\/anglais d\u00e8s l\u2019\u00e2ge de 2 ans et demi&#8230;<\/p>\n<p>\t\t\t\t\t\t<!-- Changer la classe de couleur du bouton en fonction de la couleur g\u00e9n\u00e9rale du bloc --><\/p>\n<div class=\"bloc_cta\" >\n<p><a class=\"btn btn--nocolor\" href=\"https:\/\/www.lfianvers.org\/fr\/a-propos\/mot-du-chef-detablissement\/\" target=\"\">En savoir plus<\/a>\t\t\t\t\t<\/div>\n<\/p><\/div>\n<\/p><\/div>\n<\/p><\/div>\n<\/p><\/div>\n<\/div>\n<div class=\"blocmedia blocmedia--textleft blocmedia--color4\" id=\"bloc_2_10\">\n<div class=\"container\">\n<div class=\"row\">\n<div class=\"col-12 col-md-6\">\n<div class=\"slider\">\n<div id=\"slider-bloc_2_10\" class=\"flexslider flexslider--blocmedia loading\">\n<ul class=\"slides list-unstyled\">\n<li class=\"slider-li\">\n\t\t\t\t\t\t\t\t\t\t     \t<a data-fancybox=\"rel-slider-bloc_2_10\" data-caption=\"\" href=\"https:\/\/www.lfianvers.org\/wp-content\/uploads\/2022\/10\/221010-LFIA-Spaces-32-722x564.jpg\"><br \/>\n\t\t\t\t\t\t\t\t\t\t\t\t\t<img decoding=\"async\" class=\"img-fluid\" src=\"https:\/\/www.lfianvers.org\/wp-content\/uploads\/2022\/10\/221010-LFIA-Spaces-32-722x564.jpg\" width=\"\" height=\"\" alt=\"\"><br \/>\n\t\t\t\t\t\t\t\t\t\t\t\t<\/a>\n\t\t\t\t\t\t\t\t\t\t     <\/li>\n<\/ul><\/div>\n<\/p><\/div>\n<\/p><\/div>\n<div class=\"col-12 col-md-5 d-flex flex-column justify-content-center align-items-start mb-2 mb-md-0\">\n<div class=\"text\">\n<h2><span>Notre histoire<\/span><\/h2>\n<p>Le r\u00e9seau scolaire Odyssey, soutenu par les institutions fran\u00e7aises, s\u2019appuie sur une philosophie qui trouve ses racines dans la tradition d\u2019excellence de l\u2019\u00e9ducation fran\u00e7aise, le plurilinguisme, l\u2019ouverture internationale et l\u2019\u00e9panouissement personnel. Le Lyc\u00e9e Fran\u00e7ais International \u00e9tait, lors de sa fondation en 1901, un \u00e9tablissement belge d\u2019enseignement francophone connu sous le nom d\u2019Institut Rochez, puis Lyc\u00e9e d\u2019Anvers&#8230;<\/p>\n<p>\t\t\t\t\t\t<!-- Changer la classe de couleur du bouton en fonction de la couleur g\u00e9n\u00e9rale du bloc --><\/p>\n<div class=\"bloc_cta\" >\n<p><a class=\"btn btn--color4\" href=\"https:\/\/www.lfianvers.org\/fr\/a-propos\/notre-histoire\/\" target=\"\">En savoir plus<\/a>\t\t\t\t\t<\/div>\n<\/p><\/div>\n<\/p><\/div>\n<\/p><\/div>\n<\/p><\/div>\n<\/div>\n<div class=\"blocmedia blocmedia--textright blocmedia--nocolor\" id=\"bloc_2_11\">\n<div class=\"container\">\n<div class=\"row\">\n<div class=\"col-12 col-md-6\">\n<div class=\"slider\">\n<div id=\"slider-bloc_2_11\" class=\"flexslider flexslider--blocmedia loading\">\n<ul class=\"slides list-unstyled\">\n<li class=\"slider-li\">\n\t\t\t\t\t\t\t\t\t\t     \t<a data-fancybox=\"rel-slider-bloc_2_11\" data-caption=\"\" href=\"https:\/\/www.lfianvers.org\/wp-content\/uploads\/2022\/10\/221010-LFIA-Classrooms-94-722x564.jpg\"><br \/>\n\t\t\t\t\t\t\t\t\t\t\t\t\t<img decoding=\"async\" class=\"img-fluid\" src=\"https:\/\/www.lfianvers.org\/wp-content\/uploads\/2022\/10\/221010-LFIA-Classrooms-94-722x564.jpg\" width=\"\" height=\"\" alt=\"\"><br \/>\n\t\t\t\t\t\t\t\t\t\t\t\t<\/a>\n\t\t\t\t\t\t\t\t\t\t     <\/li>\n<\/ul><\/div>\n<\/p><\/div>\n<\/p><\/div>\n<div class=\"col-12 col-md-5 d-flex flex-column justify-content-center align-items-start mb-2 mb-md-0\">\n<div class=\"text\">\n<h2><span>Nos valeurs<\/span><\/h2>\n<p>Respectueux des programmes scolaires et des principes \u00e9ducatifs fran\u00e7ais, le projet \u00e9ducatif du LFI d&rsquo;Anvers repose sur un socle de valeurs et d\u2019objectifs essentiels \u00e0 nos yeux. Formalis\u00e9s dans une Charte des valeurs de l\u2019\u00e9cole que tous nos \u00e9l\u00e8ves et leurs parents signent en guise d\u2019adh\u00e9sion, ces valeurs humaines et \u00e9ducatives installent nos \u00e9l\u00e8ves dans une dynamique de r\u00e9ussite. Lieu d\u00e9di\u00e9 au savoir, \u00e0 l\u2019apprentissage et \u00e0 l\u2019\u00e9panouissement, le LFIA un \u00e9tablissement scolaire o\u00f9 chacun, quelle que soit sa position, son origine ou ses convictions, s\u2019engage \u00e0 respecter les principes et les valeurs humanistes de respect, de tol\u00e9rance, de laicit\u00e9 et de bienveillance&#8230;<\/p>\n<p>\t\t\t\t\t\t<!-- Changer la classe de couleur du bouton en fonction de la couleur g\u00e9n\u00e9rale du bloc --><\/p>\n<div class=\"bloc_cta\" >\n<p><a class=\"btn btn--nocolor\" href=\"https:\/\/www.lfianvers.org\/fr\/a-propos\/pourquoi-lfi-anvers\/\" target=\"\">En savoir plus<\/a>\t\t\t\t\t<\/div>\n<\/p><\/div>\n<\/p><\/div>\n<\/p><\/div>\n<\/p><\/div>\n<\/div>\n<div class=\"blocmedia blocmedia--textleft blocmedia--color2\" id=\"bloc_2_12\">\n<div class=\"container\">\n<div class=\"row\">\n<div class=\"col-12 col-md-6\">\n<div class=\"slider\">\n<div id=\"slider-bloc_2_12\" class=\"flexslider flexslider--blocmedia loading\">\n<ul class=\"slides list-unstyled\">\n<li class=\"slider-li\">\n\t\t\t\t\t\t\t\t\t\t     \t<a data-fancybox=\"rel-slider-bloc_2_12\" data-caption=\"\" href=\"https:\/\/www.lfianvers.org\/wp-content\/uploads\/2022\/10\/221010-LFIA-Classrooms-7-722x564.jpg\"><br \/>\n\t\t\t\t\t\t\t\t\t\t\t\t\t<img decoding=\"async\" class=\"img-fluid\" src=\"https:\/\/www.lfianvers.org\/wp-content\/uploads\/2022\/10\/221010-LFIA-Classrooms-7-722x564.jpg\" width=\"\" height=\"\" alt=\"\"><br \/>\n\t\t\t\t\t\t\t\t\t\t\t\t<\/a>\n\t\t\t\t\t\t\t\t\t\t     <\/li>\n<\/ul><\/div>\n<\/p><\/div>\n<\/p><\/div>\n<div class=\"col-12 col-md-5 d-flex flex-column justify-content-center align-items-start mb-2 mb-md-0\">\n<div class=\"text\">\n<h2><span>L\u2019\u00e9quipe administrative &#038; p\u00e9dagogique<\/span><\/h2>\n<p>Les \u00e9quipes de LFIA sont et form\u00e9es pour mener \u00e0 bien le projet p\u00e9dagogique de l&rsquo;\u00e9cole. Le chef d&rsquo;\u00e9tablissement et l\u2019\u00e9quipe enseignante ont pour mission de mener \u00e0 bien le projet p\u00e9dagogique dans les meilleures conditions \u00e9ducatives et humaines. Responsables de la p\u00e9dagogie, ils sont les garants du strict respect des programmes scolaires fran\u00e7ais et des principes qui fondent un \u00e9tablissement scolaire fran\u00e7ais \u00e0 l&rsquo;\u00e9tranger&#8230;\n<\/p>\n<p>\t\t\t\t\t\t<!-- Changer la classe de couleur du bouton en fonction de la couleur g\u00e9n\u00e9rale du bloc --><\/p>\n<div class=\"bloc_cta\" >\n<p><a class=\"btn btn--color2\" href=\"https:\/\/www.lfianvers.org\/fr\/a-propos\/lequipe-administrative-pedagogique\/\" target=\"\">En savoir plus<\/a>\t\t\t\t\t<\/div>\n<\/p><\/div>\n<\/p><\/div>\n<\/p><\/div>\n<\/p><\/div>\n<\/div>\n<div class=\"blocmedia blocmedia--textright blocmedia--nocolor\" id=\"bloc_2_13\">\n<div class=\"container\">\n<div class=\"row\">\n<div class=\"col-12 col-md-6\">\n<div class=\"slider\">\n<div id=\"slider-bloc_2_13\" class=\"flexslider flexslider--blocmedia loading\">\n<ul class=\"slides list-unstyled\">\n<li class=\"slider-li\">\n\t\t\t\t\t\t\t\t\t\t     \t<a data-fancybox=\"rel-slider-bloc_2_13\" data-caption=\"\" href=\"https:\/\/www.lfianvers.org\/wp-content\/uploads\/2022\/10\/221010-LFIA-Outside-20-722x564.jpg\"><br \/>\n\t\t\t\t\t\t\t\t\t\t\t\t\t<img decoding=\"async\" class=\"img-fluid\" src=\"https:\/\/www.lfianvers.org\/wp-content\/uploads\/2022\/10\/221010-LFIA-Outside-20-722x564.jpg\" width=\"\" height=\"\" alt=\"\"><br \/>\n\t\t\t\t\t\t\t\t\t\t\t\t<\/a>\n\t\t\t\t\t\t\t\t\t\t     <\/li>\n<\/ul><\/div>\n<\/p><\/div>\n<\/p><\/div>\n<div class=\"col-12 col-md-5 d-flex flex-column justify-content-center align-items-start mb-2 mb-md-0\">\n<div class=\"text\">\n<h2><span>Le R\u00e9seau scolaire Odyssey<\/span><\/h2>\n<p>Odyssey est un groupe fran\u00e7ais d\u2019\u00e9ducation internationale dont les \u00e9tablissements \u00e0 travers le monde offrent, de la maternelle au lyc\u00e9e, une scolarit\u00e9 d\u2019excellence alliant aux programmes scolaires fran\u00e7ais une p\u00e9dagogie innovante et une ouverture internationale. Bas\u00e9 \u00e0 Paris, le Groupe Odyssey a \u00e9t\u00e9 fond\u00e9 par des sp\u00e9cialistes de l\u2019\u00e9ducation d\u00e9sireux de cr\u00e9er un nouveau groupe \u00e9ducatif alliant le meilleur de l\u2019\u00e9ducation fran\u00e7aise et internationale&#8230;<\/p>\n<p>\t\t\t\t\t\t<!-- Changer la classe de couleur du bouton en fonction de la couleur g\u00e9n\u00e9rale du bloc --><\/p>\n<div class=\"bloc_cta\" >\n<p><a class=\"btn btn--nocolor\" href=\"https:\/\/www.lfianvers.org\/fr\/a-propos\/groupe-odyssey-education\/\" target=\"\">En savoir plus<\/a>\t\t\t\t\t<\/div>\n<\/p><\/div>\n<\/p><\/div>\n<\/p><\/div>\n<\/p><\/div>\n<\/div>\n<div class=\"blocinfo blocinfo--color4\" id=\"bloc_10_14\">\n<div class=\"container\">\n<div class=\"row\">\n<div class=\"col-12 col-md-6\">\n<h2><span>D\u00e9marrer son avenir d\u00e8s aujourd&rsquo;hui !<\/span><\/h2>\n<p>Venez nous rencontrer<\/p>\n<p>\t\t\t\t<!-- Changer la classe de couleur du bouton en fonction de la couleur g\u00e9n\u00e9rale du bloc --><\/p>\n<div class=\"bloc_cta\" >\n\t<a href=\"https:\/\/www.lfianvers.org\/fr\/admissions\/\" title=\"S'inscrire\" target=\"\" class=\"mr-3 btn btn--color4\">S&rsquo;inscrire<\/a> \t\t\t\t<\/div>\n<\/p><\/div>\n<\/p><\/div>\n<\/p><\/div>\n<\/div>\n","protected":false},"excerpt":{"rendered":"<p>\u00c0 propos Mot du Chef d\u2019\u00e9tablissement Que vous soyez nouvellement install\u00e9s \u00e0 Anvers ou des habitu\u00e9s de notre maison, que [&hellip;]<\/p>\n","protected":false},"author":18,"featured_media":13639,"parent":0,"menu_order":1,"comment_status":"closed","ping_status":"closed","template":"","meta":{"_acf_changed":false,"kdcopypost-origin-url":"","kdcopypost-origin-id":"","footnotes":""},"class_list":["post-9259","page","type-page","status-publish","has-post-thumbnail","hentry"],"acf":[],"yoast_head":"<!-- This site is optimized with the Yoast SEO plugin v27.5 - https:\/\/yoast.com\/product\/yoast-seo-wordpress\/ -->\n<title>\u00c0 propos - LFI Anvers<\/title>\n<meta name=\"robots\" content=\"index, follow, max-snippet:-1, max-image-preview:large, max-video-preview:-1\" \/>\n<link rel=\"canonical\" href=\"https:\/\/www.lfianvers.org\/fr\/a-propos\/\" \/>\n<meta property=\"og:locale\" content=\"fr_FR\" \/>\n<meta property=\"og:type\" content=\"article\" \/>\n<meta property=\"og:title\" content=\"\u00c0 propos - LFI Anvers\" \/>\n<meta property=\"og:description\" content=\"\u00c0 propos Mot du Chef d\u2019\u00e9tablissement Que vous soyez nouvellement install\u00e9s \u00e0 Anvers ou des habitu\u00e9s de notre maison, que [&hellip;]\" \/>\n<meta property=\"og:url\" content=\"https:\/\/www.lfianvers.org\/fr\/a-propos\/\" \/>\n<meta property=\"og:site_name\" content=\"LFI Anvers\" \/>\n<meta property=\"article:modified_time\" content=\"2026-03-20T10:31:27+00:00\" \/>\n<meta property=\"og:image\" content=\"https:\/\/www.lfianvers.org\/wp-content\/uploads\/2024\/04\/LFI_Anvers_Indoor-1-scaled.jpg\" \/>\n\t<meta property=\"og:image:width\" content=\"1707\" \/>\n\t<meta property=\"og:image:height\" content=\"2560\" \/>\n\t<meta property=\"og:image:type\" content=\"image\/jpeg\" \/>\n<meta name=\"twitter:card\" content=\"summary_large_image\" \/>\n<meta name=\"twitter:label1\" content=\"Dur\u00e9e de lecture estim\u00e9e\" \/>\n\t<meta name=\"twitter:data1\" content=\"7 minutes\" \/>\n<script type=\"application\/ld+json\" class=\"yoast-schema-graph\">{\"@context\":\"https:\\\/\\\/schema.org\",\"@graph\":[{\"@type\":\"WebPage\",\"@id\":\"https:\\\/\\\/www.lfianvers.org\\\/fr\\\/a-propos\\\/\",\"url\":\"https:\\\/\\\/www.lfianvers.org\\\/fr\\\/a-propos\\\/\",\"name\":\"\u00c0 propos - LFI Anvers\",\"isPartOf\":{\"@id\":\"https:\\\/\\\/www.lfianvers.org\\\/fr\\\/#website\"},\"primaryImageOfPage\":{\"@id\":\"https:\\\/\\\/www.lfianvers.org\\\/fr\\\/a-propos\\\/#primaryimage\"},\"image\":{\"@id\":\"https:\\\/\\\/www.lfianvers.org\\\/fr\\\/a-propos\\\/#primaryimage\"},\"thumbnailUrl\":\"https:\\\/\\\/www.lfianvers.org\\\/wp-content\\\/uploads\\\/2024\\\/04\\\/LFI_Anvers_Indoor-1-scaled.jpg\",\"datePublished\":\"2022-10-04T12:39:28+00:00\",\"dateModified\":\"2026-03-20T10:31:27+00:00\",\"breadcrumb\":{\"@id\":\"https:\\\/\\\/www.lfianvers.org\\\/fr\\\/a-propos\\\/#breadcrumb\"},\"inLanguage\":\"fr-FR\",\"potentialAction\":[{\"@type\":\"ReadAction\",\"target\":[\"https:\\\/\\\/www.lfianvers.org\\\/fr\\\/a-propos\\\/\"]}]},{\"@type\":\"ImageObject\",\"inLanguage\":\"fr-FR\",\"@id\":\"https:\\\/\\\/www.lfianvers.org\\\/fr\\\/a-propos\\\/#primaryimage\",\"url\":\"https:\\\/\\\/www.lfianvers.org\\\/wp-content\\\/uploads\\\/2024\\\/04\\\/LFI_Anvers_Indoor-1-scaled.jpg\",\"contentUrl\":\"https:\\\/\\\/www.lfianvers.org\\\/wp-content\\\/uploads\\\/2024\\\/04\\\/LFI_Anvers_Indoor-1-scaled.jpg\",\"width\":1707,\"height\":2560,\"caption\":\"V VANDELEENE\"},{\"@type\":\"BreadcrumbList\",\"@id\":\"https:\\\/\\\/www.lfianvers.org\\\/fr\\\/a-propos\\\/#breadcrumb\",\"itemListElement\":[{\"@type\":\"ListItem\",\"position\":1,\"name\":\"Accueil\",\"item\":\"https:\\\/\\\/www.lfianvers.org\\\/fr\\\/\"},{\"@type\":\"ListItem\",\"position\":2,\"name\":\"\u00c0 propos\"}]},{\"@type\":\"WebSite\",\"@id\":\"https:\\\/\\\/www.lfianvers.org\\\/fr\\\/#website\",\"url\":\"https:\\\/\\\/www.lfianvers.org\\\/fr\\\/\",\"name\":\"LFI Anvers\",\"description\":\"Lyc\u00e9e fran\u00e7ais international d&#039;Anvers\",\"potentialAction\":[{\"@type\":\"SearchAction\",\"target\":{\"@type\":\"EntryPoint\",\"urlTemplate\":\"https:\\\/\\\/www.lfianvers.org\\\/fr\\\/?s={search_term_string}\"},\"query-input\":{\"@type\":\"PropertyValueSpecification\",\"valueRequired\":true,\"valueName\":\"search_term_string\"}}],\"inLanguage\":\"fr-FR\"}]}<\/script>\n<!-- \/ Yoast SEO plugin. -->","yoast_head_json":{"title":"\u00c0 propos - LFI Anvers","robots":{"index":"index","follow":"follow","max-snippet":"max-snippet:-1","max-image-preview":"max-image-preview:large","max-video-preview":"max-video-preview:-1"},"canonical":"https:\/\/www.lfianvers.org\/fr\/a-propos\/","og_locale":"fr_FR","og_type":"article","og_title":"\u00c0 propos - LFI Anvers","og_description":"\u00c0 propos Mot du Chef d\u2019\u00e9tablissement Que vous soyez nouvellement install\u00e9s \u00e0 Anvers ou des habitu\u00e9s de notre maison, que [&hellip;]","og_url":"https:\/\/www.lfianvers.org\/fr\/a-propos\/","og_site_name":"LFI Anvers","article_modified_time":"2026-03-20T10:31:27+00:00","og_image":[{"width":1707,"height":2560,"url":"https:\/\/www.lfianvers.org\/wp-content\/uploads\/2024\/04\/LFI_Anvers_Indoor-1-scaled.jpg","type":"image\/jpeg"}],"twitter_card":"summary_large_image","twitter_misc":{"Dur\u00e9e de lecture estim\u00e9e":"7 minutes"},"schema":{"@context":"https:\/\/schema.org","@graph":[{"@type":"WebPage","@id":"https:\/\/www.lfianvers.org\/fr\/a-propos\/","url":"https:\/\/www.lfianvers.org\/fr\/a-propos\/","name":"\u00c0 propos - LFI Anvers","isPartOf":{"@id":"https:\/\/www.lfianvers.org\/fr\/#website"},"primaryImageOfPage":{"@id":"https:\/\/www.lfianvers.org\/fr\/a-propos\/#primaryimage"},"image":{"@id":"https:\/\/www.lfianvers.org\/fr\/a-propos\/#primaryimage"},"thumbnailUrl":"https:\/\/www.lfianvers.org\/wp-content\/uploads\/2024\/04\/LFI_Anvers_Indoor-1-scaled.jpg","datePublished":"2022-10-04T12:39:28+00:00","dateModified":"2026-03-20T10:31:27+00:00","breadcrumb":{"@id":"https:\/\/www.lfianvers.org\/fr\/a-propos\/#breadcrumb"},"inLanguage":"fr-FR","potentialAction":[{"@type":"ReadAction","target":["https:\/\/www.lfianvers.org\/fr\/a-propos\/"]}]},{"@type":"ImageObject","inLanguage":"fr-FR","@id":"https:\/\/www.lfianvers.org\/fr\/a-propos\/#primaryimage","url":"https:\/\/www.lfianvers.org\/wp-content\/uploads\/2024\/04\/LFI_Anvers_Indoor-1-scaled.jpg","contentUrl":"https:\/\/www.lfianvers.org\/wp-content\/uploads\/2024\/04\/LFI_Anvers_Indoor-1-scaled.jpg","width":1707,"height":2560,"caption":"V VANDELEENE"},{"@type":"BreadcrumbList","@id":"https:\/\/www.lfianvers.org\/fr\/a-propos\/#breadcrumb","itemListElement":[{"@type":"ListItem","position":1,"name":"Accueil","item":"https:\/\/www.lfianvers.org\/fr\/"},{"@type":"ListItem","position":2,"name":"\u00c0 propos"}]},{"@type":"WebSite","@id":"https:\/\/www.lfianvers.org\/fr\/#website","url":"https:\/\/www.lfianvers.org\/fr\/","name":"LFI Anvers","description":"Lyc\u00e9e fran\u00e7ais international d&#039;Anvers","potentialAction":[{"@type":"SearchAction","target":{"@type":"EntryPoint","urlTemplate":"https:\/\/www.lfianvers.org\/fr\/?s={search_term_string}"},"query-input":{"@type":"PropertyValueSpecification","valueRequired":true,"valueName":"search_term_string"}}],"inLanguage":"fr-FR"}]}},"_links":{"self":[{"href":"https:\/\/www.lfianvers.org\/fr\/wp-json\/wp\/v2\/pages\/9259","targetHints":{"allow":["GET"]}}],"collection":[{"href":"https:\/\/www.lfianvers.org\/fr\/wp-json\/wp\/v2\/pages"}],"about":[{"href":"https:\/\/www.lfianvers.org\/fr\/wp-json\/wp\/v2\/types\/page"}],"author":[{"embeddable":true,"href":"https:\/\/www.lfianvers.org\/fr\/wp-json\/wp\/v2\/users\/18"}],"replies":[{"embeddable":true,"href":"https:\/\/www.lfianvers.org\/fr\/wp-json\/wp\/v2\/comments?post=9259"}],"version-history":[{"count":24,"href":"https:\/\/www.lfianvers.org\/fr\/wp-json\/wp\/v2\/pages\/9259\/revisions"}],"predecessor-version":[{"id":15369,"href":"https:\/\/www.lfianvers.org\/fr\/wp-json\/wp\/v2\/pages\/9259\/revisions\/15369"}],"wp:featuredmedia":[{"embeddable":true,"href":"https:\/\/www.lfianvers.org\/fr\/wp-json\/wp\/v2\/media\/13639"}],"wp:attachment":[{"href":"https:\/\/www.lfianvers.org\/fr\/wp-json\/wp\/v2\/media?parent=9259"}],"curies":[{"name":"wp","href":"https:\/\/api.w.org\/{rel}","templated":true}]}}