{"id":11862,"date":"2023-02-21T13:17:09","date_gmt":"2023-02-21T12:17:09","guid":{"rendered":"https:\/\/www.lfianvers.org\/?page_id=11862"},"modified":"2023-03-13T09:22:16","modified_gmt":"2023-03-13T08:22:16","slug":"apelfia","status":"publish","type":"page","link":"https:\/\/www.lfianvers.org\/fr\/community\/apelfia\/","title":{"rendered":"L&rsquo;Association des parents d&rsquo;\u00e9l\u00e8ves"},"content":{"rendered":"<div class=\"blocmedia blocmedia--textleft blocmedia--nocolor\" id=\"bloc_2_5\">\n<div class=\"container\">\n<div class=\"row\">\n<div class=\"col-12 col-md-6\">\n<div class=\"slider\">\n<div id=\"slider-bloc_2_5\" class=\"flexslider flexslider--blocmedia loading\">\n<ul class=\"slides list-unstyled\">\n<li class=\"slider-li\">\n\t\t\t\t\t\t\t\t\t\t     \t<a data-fancybox=\"rel-slider-bloc_2_5\" data-caption=\"\" href=\"https:\/\/www.lfianvers.org\/wp-content\/uploads\/2023\/03\/IMG_7631-722x564.jpg\"><br \/>\n\t\t\t\t\t\t\t\t\t\t\t\t\t<img decoding=\"async\" class=\"img-fluid\" src=\"https:\/\/www.lfianvers.org\/wp-content\/uploads\/2023\/03\/IMG_7631-722x564.jpg\" width=\"\" height=\"\" alt=\"\"><br \/>\n\t\t\t\t\t\t\t\t\t\t\t\t<\/a>\n\t\t\t\t\t\t\t\t\t\t     <\/li>\n<\/ul><\/div>\n<\/p><\/div>\n<\/p><\/div>\n<div class=\"col-12 col-md-5 d-flex flex-column justify-content-center align-items-start mb-2 mb-md-0\">\n<div class=\"text\">\n<h2><span>L&rsquo;Association des parents d&rsquo;\u00e9l\u00e8ves<\/span><\/h2>\n<p>L&rsquo;association de parents d\u2019\u00e9l\u00e8ves du LFIA rassemble l\u2019ensemble des parents d\u2019\u00e9l\u00e8ves de l\u2019\u00e9cole au sein d\u2019une communaut\u00e9 \u0153uvrant dans l\u2019objectif de bien-\u00eatre et d\u2019accompagnement de l\u2019\u00e9ducation de nos enfants. <\/p>\n<p>\t\t\t\t\t\t<!-- Changer la classe de couleur du bouton en fonction de la couleur g\u00e9n\u00e9rale du bloc --><\/p>\n<div class=\"bloc_cta\" ><\/div>\n<\/p><\/div>\n<\/p><\/div>\n<\/p><\/div>\n<\/p><\/div>\n<\/div>\n<div class=\"bloctext bloctext--nocolor bloctext--haspattern\" id=\"bloc_6_6\">\n<div class=\"container\">\n<div class=\"row\">\n<div class=\"col-12 col-lg-4 col-xl-3 mb-1\">\n<h2><span>Le mot du pr\u00e9sident<\/span><\/h2>\n<\/p><\/div>\n<div class=\"col-12 col-lg-8 col-xl-9\">\n<div class=\"text pl-lg-4\">\n<p>Je suis tr\u00e8s heureux de vous accueillir sur notre page d\u00e9di\u00e9e \u00e0 l\u2019association de parents d\u2019\u00e9l\u00e8ves de du LFI d&rsquo;Anvers (APELFIA). Notre association rassemble l\u2019ensemble des parents d\u2019\u00e9l\u00e8ves de l\u2019\u00e9cole au sein d\u2019une communaut\u00e9 \u0153uvrant dans l\u2019objectif de bien-\u00eatre et d\u2019accompagnement de l\u2019\u00e9ducation de nos enfants. Notre association souhaite \u00eatre le maillon qui relie les familles de nos \u00e9l\u00e8ves \u00e0 notre \u00e9cole. Chaque activit\u00e9 organis\u00e9e par l\u2019APE a d\u00e8s lors pour but de rassembler et d\u2019offrir une plateforme o\u00f9 tous les acteurs de notre communaut\u00e9 peuvent se rencontrer et \u00e9changer dans une ambiance bon enfant. J\u2019esp\u00e8re pouvoir vous accueillir nombreux au sein de notre association et je suis d\u2019ores et d\u00e9j\u00e0 impatient de pouvoir faire votre connaissance.<\/p>\n<p>Maxime Van Styvendaele<\/p>\n<\/p><\/div>\n<\/p><\/div>\n<\/p><\/div>\n<\/p><\/div>\n<\/div>\n<div class=\"bloctext bloctext--color3 bloctext--haspattern\" id=\"bloc_6_7\">\n<div class=\"container\">\n<div class=\"row\">\n<div class=\"col-12 col-lg-4 col-xl-3 mb-1\">\n<h2><span>Qui sommes-nous ? <\/span><\/h2>\n<\/p><\/div>\n<div class=\"col-12 col-lg-8 col-xl-9\">\n<div class=\"text pl-lg-4\">\n<p>Tous les parents d\u2019\u00e9l\u00e8ves inscrits dans l\u2019\u00e9cole sont invit\u00e9s \u00e0 devenir membres de notre association des parents d\u2019\u00e9l\u00e8ves (APELFIA). L\u2019association adh\u00e8re au projet p\u00e9dagogique de l\u2019\u00e9cole, toutes les propositions et activit\u00e9s sont organis\u00e9es dans le respect de son projet.<\/p>\n<p>L\u2019association repr\u00e9sente les int\u00e9r\u00eats des \u00e9l\u00e8ves et de leurs parents, en \u00e9tant \u00e0 leur \u00e9coute et en les soutenant dans leur parcours au LFI d&rsquo;Anvers.<\/p>\n<\/p><\/div>\n<\/p><\/div>\n<\/p><\/div>\n<\/p><\/div>\n<\/div>\n<div class=\"blocsrounds blocsrounds--style1 \" id=\"bloc_4_8\">\n<div class=\"container text-center\">\n<h2><span>Notre r\u00f4le<\/span><\/h2>\n<div class=\"row\">\n<div class=\"col-6 col-md-4 mb-2\">\n<div class=\"blocround\">\n\t\t\t\t\t\t<img decoding=\"async\" class=\"img-fluid\" src=\"https:\/\/www.lfianvers.org\/wp-content\/uploads\/2022\/12\/320195936_1296972234490050_8159585719278724706_n-284x284.jpg\" width=\"\" height=\"\" alt=\"\"><\/p>\n<div class=\"text\">\n<h4>SOUTIEN &#038; CONVIVIALIT\u00c9<\/h4>\n<p>Nous sommes tout d\u2019abord le trait d\u2019union entre les parents d\u2019\u00e9l\u00e8ves et la direction de l\u2019\u00e9tablissement, l\u2019APELFIA sert de relai d\u2019information sur la vie de l\u2019\u00e9tablissement. Notre association est l\u00e0 pour aider, accompagner, conseiller, soutenir les parents de l\u2019\u00e9cole et accueillir dans la convivialit\u00e9 les nouvelles familles au sein de l\u2019\u00e9cole. Nous sommes l\u00e0 pour cr\u00e9er des liens entre les familles et colorer la vie de nos \u00e9l\u00e8ves.<\/p>\n<\/p><\/div>\n<\/p><\/div>\n<\/p><\/div>\n<div class=\"col-6 col-md-4 mb-2\">\n<div class=\"blocround\">\n\t\t\t\t\t\t<img decoding=\"async\" class=\"img-fluid\" src=\"https:\/\/www.lfianvers.org\/wp-content\/uploads\/2022\/12\/319990199_3384688651747052_3993233755250251284_n-284x284.jpg\" width=\"\" height=\"\" alt=\"\"><\/p>\n<div class=\"text\">\n<h4>DYNAMISER &#038; RASSEMBLER<\/h4>\n<p>Le r\u00f4le de l\u2019APELFIA est d\u2019aider l\u2019\u00e9tablissement dans l\u2019ensemble de ses t\u00e2ches en dynamisant la vie de notre communaut\u00e9 dont les valeurs sont la bienveillance, l\u2019excellence, le respect et l\u2019ouverture sur le monde. Notre contribution \u00e0 la vie scolaire se fait par le soutien de projets p\u00e9dagogiques et des initiatives des \u00e9l\u00e8ves. Notre r\u00f4le est \u00e9galement festif. Il consiste \u00e0 organiser des \u00e9v\u00e9nements dans l\u2019enceinte de l\u2019\u00e9cole, des rassemblements entre parents, de collecter des fonds afin de financer des projets divers et vari\u00e9s au profit des enfants. <\/p>\n<\/p><\/div>\n<\/p><\/div>\n<\/p><\/div>\n<div class=\"col-6 col-md-4 mb-2\">\n<div class=\"blocround\">\n\t\t\t\t\t\t<img decoding=\"async\" class=\"img-fluid\" src=\"https:\/\/www.lfianvers.org\/wp-content\/uploads\/2022\/11\/WhatsApp-Image-2022-11-25-at-11.56.49-284x284.jpeg\" width=\"\" height=\"\" alt=\"\"><\/p>\n<div class=\"text\">\n<h4>REPRESENTER LES FAMILLES AU CONSEIL D&rsquo;ETABLISSEMENT<\/h4>\n<p>En d\u00e9but d\u2019ann\u00e9e scolaire, dans chaque classe, les parents \u00e9lisent leurs repr\u00e9sentants. Ils ont un lien fort entre les professeurs et les parents de chaque classe.<br \/>\nIls sont le relai indispensable au bon fonctionnement de l\u2019association dans sa mission d\u2019information envers les parents et de connaissance de la vie interne de l\u2019\u00e9cole.<br \/>\nGr\u00e2ce \u00e0 nos parents d\u00e9l\u00e9gu\u00e9s, nous maintenons une cha\u00eene de communication constante avec l\u2019\u00e9cole.<\/p>\n<\/p><\/div>\n<\/p><\/div>\n<\/p><\/div>\n<\/p><\/div>\n<\/p><\/div>\n<\/div>\n<div class=\"bloctext bloctext--nocolor bloctext--haspattern\" id=\"bloc_6_9\">\n<div class=\"container\">\n<div class=\"row\">\n<div class=\"col-12 col-lg-4 col-xl-3 mb-1\">\n<h2><span>Nos projets<\/span><\/h2>\n<\/p><\/div>\n<div class=\"col-12 col-lg-8 col-xl-9\">\n<div class=\"text pl-lg-4\">\n<ul>\n<li><strong>Bourse aux uniformes :<\/strong> En fin d\u2019ann\u00e9e scolaire nous organisons une collecte des uniformes de nos enfants afin de les revendre pendant la p\u00e9riode de rentr\u00e9e<\/li>\n<li><strong>Yearbook :<\/strong> Pour c\u00e9l\u00e9brer les succ\u00e8s et garder une trace de nos souvenirs, nous cr\u00e9ons chaque ann\u00e9e un livre photo qui est vendu aux parents.<\/li>\n<li><strong>Caf\u00e9 des parents :<\/strong> Afin de stimuler les \u00e9changes nous organisons chaque trimestre une rencontre informelle entre parents autour d\u2019un caf\u00e9. F\u00eate de fin d\u2019ann\u00e9e : une f\u00eate de fin d\u2019ann\u00e9e avec activit\u00e9s pour les enfants et buffet est organis\u00e9e\u00a0 en collaboration avec l\u2019\u00e9cole.<\/li>\n<li><strong>D\u00eener international :<\/strong> pour r\u00e9unir les parents et le personnel de l&rsquo;\u00e9cole dans une ambiance d\u00e9tendue et festive, nous organisons chaque ann\u00e9e une soir\u00e9e avec des activit\u00e9s pour les enfants, de la musique dansante et, bien s\u00fbr, de la nourriture et des boissons.<strong>Et bien d\u2019autres en fonction des propositions des parents motiv\u00e9s \ud83d\ude09<\/strong><\/li>\n<\/ul><\/div>\n<\/p><\/div>\n<\/p><\/div>\n<\/p><\/div>\n<\/div>\n<div class=\"blocinfo blocinfo--color2\" id=\"bloc_10_10\">\n<div class=\"container\">\n<div class=\"row\">\n<div class=\"col-12 col-md-6\">\n<h2><span>NOUS CONTACTER<\/span><\/h2>\n<p>Si vous souhaitez rencontrer les membres de l&rsquo;APELFIA ou vous implquer dans les projets propos\u00e9s, n&rsquo;h\u00e9sitez pas \u00e0 cliquer sur le bouton ci-dessous ou \u00e0 venir nous voir \u00e0 la sortie de l&rsquo;\u00e9cole..<\/p>\n<p>\t\t\t\t<!-- Changer la classe de couleur du bouton en fonction de la couleur g\u00e9n\u00e9rale du bloc --><\/p>\n<div class=\"bloc_cta\" >\n\t<a href=\"mailto:apelfia@hotmail.com\" title=\"Contacter l'APELFIA\" target=\"_blank\" class=\"mr-3 btn btn--color2\" rel=\"noopener\">Contacter l&rsquo;APELFIA<\/a> \t\t\t\t<\/div>\n<\/p><\/div>\n<\/p><\/div>\n<\/p><\/div>\n<\/div>\n","protected":false},"excerpt":{"rendered":"<p>L&rsquo;Association des parents d&rsquo;\u00e9l\u00e8ves L&rsquo;association de parents d\u2019\u00e9l\u00e8ves du LFIA rassemble l\u2019ensemble des parents d\u2019\u00e9l\u00e8ves de l\u2019\u00e9cole au sein d\u2019une [&hellip;]<\/p>\n","protected":false},"author":14,"featured_media":0,"parent":9307,"menu_order":20,"comment_status":"closed","ping_status":"closed","template":"","meta":{"_acf_changed":false,"kdcopypost-origin-url":"","kdcopypost-origin-id":"","footnotes":""},"class_list":["post-11862","page","type-page","status-publish","hentry"],"acf":[],"yoast_head":"<!-- This site is optimized with the Yoast SEO plugin v27.5 - https:\/\/yoast.com\/product\/yoast-seo-wordpress\/ -->\n<title>L&#039;Association des parents d&#039;\u00e9l\u00e8ves - LFI Anvers<\/title>\n<meta name=\"robots\" content=\"index, follow, max-snippet:-1, max-image-preview:large, max-video-preview:-1\" \/>\n<link rel=\"canonical\" href=\"https:\/\/www.lfianvers.org\/fr\/community\/apelfia\/\" \/>\n<meta property=\"og:locale\" content=\"fr_FR\" \/>\n<meta property=\"og:type\" content=\"article\" \/>\n<meta property=\"og:title\" content=\"L&#039;Association des parents d&#039;\u00e9l\u00e8ves - LFI Anvers\" \/>\n<meta property=\"og:description\" content=\"L&rsquo;Association des parents d&rsquo;\u00e9l\u00e8ves L&rsquo;association de parents d\u2019\u00e9l\u00e8ves du LFIA rassemble l\u2019ensemble des parents d\u2019\u00e9l\u00e8ves de l\u2019\u00e9cole au sein d\u2019une [&hellip;]\" \/>\n<meta property=\"og:url\" content=\"https:\/\/www.lfianvers.org\/fr\/community\/apelfia\/\" \/>\n<meta property=\"og:site_name\" content=\"LFI Anvers\" \/>\n<meta property=\"article:modified_time\" content=\"2023-03-13T08:22:16+00:00\" \/>\n<meta property=\"og:image\" content=\"https:\/\/www.lfianvers.org\/wp-content\/uploads\/2023\/03\/IMG_7631-722x564.jpg\" \/>\n<meta name=\"twitter:card\" content=\"summary_large_image\" \/>\n<meta name=\"twitter:label1\" content=\"Dur\u00e9e de lecture estim\u00e9e\" \/>\n\t<meta name=\"twitter:data1\" content=\"3 minutes\" \/>\n<script type=\"application\/ld+json\" class=\"yoast-schema-graph\">{\"@context\":\"https:\\\/\\\/schema.org\",\"@graph\":[{\"@type\":\"WebPage\",\"@id\":\"https:\\\/\\\/www.lfianvers.org\\\/fr\\\/community\\\/apelfia\\\/\",\"url\":\"https:\\\/\\\/www.lfianvers.org\\\/fr\\\/community\\\/apelfia\\\/\",\"name\":\"L'Association des parents d'\u00e9l\u00e8ves - LFI Anvers\",\"isPartOf\":{\"@id\":\"https:\\\/\\\/www.lfianvers.org\\\/fr\\\/#website\"},\"primaryImageOfPage\":{\"@id\":\"https:\\\/\\\/www.lfianvers.org\\\/fr\\\/community\\\/apelfia\\\/#primaryimage\"},\"image\":{\"@id\":\"https:\\\/\\\/www.lfianvers.org\\\/fr\\\/community\\\/apelfia\\\/#primaryimage\"},\"thumbnailUrl\":\"https:\\\/\\\/www.lfianvers.org\\\/wp-content\\\/uploads\\\/2023\\\/03\\\/IMG_7631-722x564.jpg\",\"datePublished\":\"2023-02-21T12:17:09+00:00\",\"dateModified\":\"2023-03-13T08:22:16+00:00\",\"breadcrumb\":{\"@id\":\"https:\\\/\\\/www.lfianvers.org\\\/fr\\\/community\\\/apelfia\\\/#breadcrumb\"},\"inLanguage\":\"fr-FR\",\"potentialAction\":[{\"@type\":\"ReadAction\",\"target\":[\"https:\\\/\\\/www.lfianvers.org\\\/fr\\\/community\\\/apelfia\\\/\"]}]},{\"@type\":\"ImageObject\",\"inLanguage\":\"fr-FR\",\"@id\":\"https:\\\/\\\/www.lfianvers.org\\\/fr\\\/community\\\/apelfia\\\/#primaryimage\",\"url\":\"https:\\\/\\\/www.lfianvers.org\\\/wp-content\\\/uploads\\\/2023\\\/03\\\/IMG_7631-722x564.jpg\",\"contentUrl\":\"https:\\\/\\\/www.lfianvers.org\\\/wp-content\\\/uploads\\\/2023\\\/03\\\/IMG_7631-722x564.jpg\"},{\"@type\":\"BreadcrumbList\",\"@id\":\"https:\\\/\\\/www.lfianvers.org\\\/fr\\\/community\\\/apelfia\\\/#breadcrumb\",\"itemListElement\":[{\"@type\":\"ListItem\",\"position\":1,\"name\":\"Accueil\",\"item\":\"https:\\\/\\\/www.lfianvers.org\\\/fr\\\/\"},{\"@type\":\"ListItem\",\"position\":2,\"name\":\"Notre communaut\u00e9\",\"item\":\"https:\\\/\\\/www.lfianvers.org\\\/fr\\\/community\\\/\"},{\"@type\":\"ListItem\",\"position\":3,\"name\":\"L&rsquo;Association des parents d&rsquo;\u00e9l\u00e8ves\"}]},{\"@type\":\"WebSite\",\"@id\":\"https:\\\/\\\/www.lfianvers.org\\\/fr\\\/#website\",\"url\":\"https:\\\/\\\/www.lfianvers.org\\\/fr\\\/\",\"name\":\"LFI Anvers\",\"description\":\"Lyc\u00e9e fran\u00e7ais international d&#039;Anvers\",\"potentialAction\":[{\"@type\":\"SearchAction\",\"target\":{\"@type\":\"EntryPoint\",\"urlTemplate\":\"https:\\\/\\\/www.lfianvers.org\\\/fr\\\/?s={search_term_string}\"},\"query-input\":{\"@type\":\"PropertyValueSpecification\",\"valueRequired\":true,\"valueName\":\"search_term_string\"}}],\"inLanguage\":\"fr-FR\"}]}<\/script>\n<!-- \/ Yoast SEO plugin. -->","yoast_head_json":{"title":"L'Association des parents d'\u00e9l\u00e8ves - LFI Anvers","robots":{"index":"index","follow":"follow","max-snippet":"max-snippet:-1","max-image-preview":"max-image-preview:large","max-video-preview":"max-video-preview:-1"},"canonical":"https:\/\/www.lfianvers.org\/fr\/community\/apelfia\/","og_locale":"fr_FR","og_type":"article","og_title":"L'Association des parents d'\u00e9l\u00e8ves - LFI Anvers","og_description":"L&rsquo;Association des parents d&rsquo;\u00e9l\u00e8ves L&rsquo;association de parents d\u2019\u00e9l\u00e8ves du LFIA rassemble l\u2019ensemble des parents d\u2019\u00e9l\u00e8ves de l\u2019\u00e9cole au sein d\u2019une [&hellip;]","og_url":"https:\/\/www.lfianvers.org\/fr\/community\/apelfia\/","og_site_name":"LFI Anvers","article_modified_time":"2023-03-13T08:22:16+00:00","og_image":[{"url":"https:\/\/www.lfianvers.org\/wp-content\/uploads\/2023\/03\/IMG_7631-722x564.jpg","type":"","width":"","height":""}],"twitter_card":"summary_large_image","twitter_misc":{"Dur\u00e9e de lecture estim\u00e9e":"3 minutes"},"schema":{"@context":"https:\/\/schema.org","@graph":[{"@type":"WebPage","@id":"https:\/\/www.lfianvers.org\/fr\/community\/apelfia\/","url":"https:\/\/www.lfianvers.org\/fr\/community\/apelfia\/","name":"L'Association des parents d'\u00e9l\u00e8ves - LFI Anvers","isPartOf":{"@id":"https:\/\/www.lfianvers.org\/fr\/#website"},"primaryImageOfPage":{"@id":"https:\/\/www.lfianvers.org\/fr\/community\/apelfia\/#primaryimage"},"image":{"@id":"https:\/\/www.lfianvers.org\/fr\/community\/apelfia\/#primaryimage"},"thumbnailUrl":"https:\/\/www.lfianvers.org\/wp-content\/uploads\/2023\/03\/IMG_7631-722x564.jpg","datePublished":"2023-02-21T12:17:09+00:00","dateModified":"2023-03-13T08:22:16+00:00","breadcrumb":{"@id":"https:\/\/www.lfianvers.org\/fr\/community\/apelfia\/#breadcrumb"},"inLanguage":"fr-FR","potentialAction":[{"@type":"ReadAction","target":["https:\/\/www.lfianvers.org\/fr\/community\/apelfia\/"]}]},{"@type":"ImageObject","inLanguage":"fr-FR","@id":"https:\/\/www.lfianvers.org\/fr\/community\/apelfia\/#primaryimage","url":"https:\/\/www.lfianvers.org\/wp-content\/uploads\/2023\/03\/IMG_7631-722x564.jpg","contentUrl":"https:\/\/www.lfianvers.org\/wp-content\/uploads\/2023\/03\/IMG_7631-722x564.jpg"},{"@type":"BreadcrumbList","@id":"https:\/\/www.lfianvers.org\/fr\/community\/apelfia\/#breadcrumb","itemListElement":[{"@type":"ListItem","position":1,"name":"Accueil","item":"https:\/\/www.lfianvers.org\/fr\/"},{"@type":"ListItem","position":2,"name":"Notre communaut\u00e9","item":"https:\/\/www.lfianvers.org\/fr\/community\/"},{"@type":"ListItem","position":3,"name":"L&rsquo;Association des parents d&rsquo;\u00e9l\u00e8ves"}]},{"@type":"WebSite","@id":"https:\/\/www.lfianvers.org\/fr\/#website","url":"https:\/\/www.lfianvers.org\/fr\/","name":"LFI Anvers","description":"Lyc\u00e9e fran\u00e7ais international d&#039;Anvers","potentialAction":[{"@type":"SearchAction","target":{"@type":"EntryPoint","urlTemplate":"https:\/\/www.lfianvers.org\/fr\/?s={search_term_string}"},"query-input":{"@type":"PropertyValueSpecification","valueRequired":true,"valueName":"search_term_string"}}],"inLanguage":"fr-FR"}]}},"_links":{"self":[{"href":"https:\/\/www.lfianvers.org\/fr\/wp-json\/wp\/v2\/pages\/11862","targetHints":{"allow":["GET"]}}],"collection":[{"href":"https:\/\/www.lfianvers.org\/fr\/wp-json\/wp\/v2\/pages"}],"about":[{"href":"https:\/\/www.lfianvers.org\/fr\/wp-json\/wp\/v2\/types\/page"}],"author":[{"embeddable":true,"href":"https:\/\/www.lfianvers.org\/fr\/wp-json\/wp\/v2\/users\/14"}],"replies":[{"embeddable":true,"href":"https:\/\/www.lfianvers.org\/fr\/wp-json\/wp\/v2\/comments?post=11862"}],"version-history":[{"count":34,"href":"https:\/\/www.lfianvers.org\/fr\/wp-json\/wp\/v2\/pages\/11862\/revisions"}],"predecessor-version":[{"id":12429,"href":"https:\/\/www.lfianvers.org\/fr\/wp-json\/wp\/v2\/pages\/11862\/revisions\/12429"}],"up":[{"embeddable":true,"href":"https:\/\/www.lfianvers.org\/fr\/wp-json\/wp\/v2\/pages\/9307"}],"wp:attachment":[{"href":"https:\/\/www.lfianvers.org\/fr\/wp-json\/wp\/v2\/media?parent=11862"}],"curies":[{"name":"wp","href":"https:\/\/api.w.org\/{rel}","templated":true}]}}