{"id":14087,"date":"2024-08-09T16:48:09","date_gmt":"2024-08-09T14:48:09","guid":{"rendered":"https:\/\/www.lfianvers.org\/membre\/14085\/"},"modified":"2024-11-04T15:00:30","modified_gmt":"2024-11-04T14:00:30","slug":"14085","status":"publish","type":"membre","link":"https:\/\/www.lfianvers.org\/fr\/membre\/14085\/","title":{"rendered":"Guillaume Capon"},"content":{"rendered":"<div class=\"blocmembre blocmembre--nocolor\" id=\"bloc_membre_1\">\n<div class=\"container\">\n<div class=\"row\">\n<div class=\"col-12 col-md-3 mb-2\">\n\t\t\t\t<img decoding=\"async\" class=\"img-fluid img-round\" src=\"https:\/\/www.lfianvers.org\/wp-content\/uploads\/2024\/07\/227-HteDef-2-1.jpg\" alt=\"\" width=\"244\" height=\"244\" >\n\t\t\t<\/div>\n<div class=\"col-12 col-md-9\">\n<div class=\"mb-3 pt-md-4 pt-lg-5 pt-xl-6\">\n<h2><span>Guillaume  Capon <\/span><\/h2>\n<p>Chef d&rsquo;\u00e9tablissement<\/p>\n<\/p><\/div>\n<\/p><\/div>\n<\/p><\/div>\n<\/p><\/div>\n<\/div>\n<div class=\"bloctext bloctext--nocolor bloctext--haspattern\" id=\"bloc_6_2\">\n<div class=\"container\">\n<div class=\"row\">\n<div class=\"col-12 col-lg-4 col-xl-3 mb-1\">\n<h2><span>Biographie<\/span><\/h2>\n<\/p><\/div>\n<div class=\"col-12 col-lg-8 col-xl-9\">\n<div class=\"text pl-lg-4\">\n<p><b>Guillaume Capon<\/b><span style=\"font-weight: 400;\"> est un professionnel de l&#8217;\u00e9ducation avec plus d&#8217;une d\u00e9cennie d&#8217;exp\u00e9rience et est le directeur du LFIA depuis septembre 2024<\/span><\/p>\n<p><span style=\"font-weight: 400;\">Pr\u00e9c\u00e9demment, il a fond\u00e9 et dirig\u00e9 l&#8217;\u00c9cole Bilingue Chardin, une \u00e9cole qui a ouvert ses portes en 2021. Sous sa direction, l&#8217;\u00e9cole a rapidement acquis une solide r\u00e9putation pour son approche p\u00e9dagogique novatrice et son environnement d&#8217;apprentissage stimulant.<\/span><\/p>\n<p><b>Passionn\u00e9 par l&#8217;innovation p\u00e9dagogique,<\/b><span style=\"font-weight: 400;\"> Guillaume Capon est toujours \u00e0 la recherche de nouvelles m\u00e9thodes pour stimuler la cr\u00e9ativit\u00e9 des \u00e9l\u00e8ves et favoriser leur r\u00e9ussite. Il est \u00e9galement tr\u00e8s attach\u00e9 \u00e0 cr\u00e9er un environnement scolaire chaleureux et collaboratif, o\u00f9 les enseignants et les \u00e9l\u00e8ves peuvent s&#8217;\u00e9panouir. Il a eu l&#8217;occasion de former de nombreux enseignants \u00e0 Duba\u00ef, \u00e0 Abu Dhabi et au Liban en tant que conseiller num\u00e9rique aupr\u00e8s du r\u00e9seau AFLEC<\/span><\/p>\n<p><span style=\"font-weight: 400;\">Il est \u00e9galement tr\u00e8s int\u00e9ress\u00e9 par la litt\u00e9rature et la musique. Il a deux filles de 4 et 2 ans.<\/span><\/p>\n<\/p><\/div>\n<\/p><\/div>\n<\/p><\/div>\n<\/p><\/div>\n<\/div>\n","protected":false},"featured_media":0,"template":"","typologie":[37],"class_list":["post-14087","membre","type-membre","status-publish","hentry","typologie-equipe-administrative"],"acf":[],"yoast_head":"<!-- This site is optimized with the Yoast SEO plugin v27.5 - https:\/\/yoast.com\/product\/yoast-seo-wordpress\/ -->\n<title>Guillaume Capon - LFI Anvers<\/title>\n<meta name=\"robots\" content=\"index, follow, max-snippet:-1, max-image-preview:large, max-video-preview:-1\" \/>\n<link rel=\"canonical\" href=\"https:\/\/www.lfianvers.org\/fr\/membre\/14085\/\" \/>\n<meta property=\"og:locale\" content=\"fr_FR\" \/>\n<meta property=\"og:type\" content=\"article\" \/>\n<meta property=\"og:title\" content=\"Guillaume Capon - LFI Anvers\" \/>\n<meta property=\"og:description\" content=\"Guillaume Capon Chef d&rsquo;\u00e9tablissement Biographie Guillaume Capon est un professionnel de l&#8217;\u00e9ducation avec plus d&#8217;une d\u00e9cennie d&#8217;exp\u00e9rience et est le [&hellip;]\" \/>\n<meta property=\"og:url\" content=\"https:\/\/www.lfianvers.org\/fr\/membre\/14085\/\" \/>\n<meta property=\"og:site_name\" content=\"LFI Anvers\" \/>\n<meta property=\"article:modified_time\" content=\"2024-11-04T14:00:30+00:00\" \/>\n<meta property=\"og:image\" content=\"https:\/\/www.lfianvers.org\/wp-content\/uploads\/2024\/07\/227-HteDef-2-1.jpg\" \/>\n<meta name=\"twitter:card\" content=\"summary_large_image\" \/>\n<meta name=\"twitter:label1\" content=\"Dur\u00e9e de lecture estim\u00e9e\" \/>\n\t<meta name=\"twitter:data1\" content=\"1 minute\" \/>\n<script type=\"application\/ld+json\" class=\"yoast-schema-graph\">{\"@context\":\"https:\\\/\\\/schema.org\",\"@graph\":[{\"@type\":\"WebPage\",\"@id\":\"https:\\\/\\\/www.lfianvers.org\\\/fr\\\/membre\\\/14085\\\/\",\"url\":\"https:\\\/\\\/www.lfianvers.org\\\/fr\\\/membre\\\/14085\\\/\",\"name\":\"Guillaume Capon - LFI Anvers\",\"isPartOf\":{\"@id\":\"https:\\\/\\\/www.lfianvers.org\\\/fr\\\/#website\"},\"primaryImageOfPage\":{\"@id\":\"https:\\\/\\\/www.lfianvers.org\\\/fr\\\/membre\\\/14085\\\/#primaryimage\"},\"image\":{\"@id\":\"https:\\\/\\\/www.lfianvers.org\\\/fr\\\/membre\\\/14085\\\/#primaryimage\"},\"thumbnailUrl\":\"https:\\\/\\\/www.lfianvers.org\\\/wp-content\\\/uploads\\\/2024\\\/07\\\/227-HteDef-2-1.jpg\",\"datePublished\":\"2024-08-09T14:48:09+00:00\",\"dateModified\":\"2024-11-04T14:00:30+00:00\",\"breadcrumb\":{\"@id\":\"https:\\\/\\\/www.lfianvers.org\\\/fr\\\/membre\\\/14085\\\/#breadcrumb\"},\"inLanguage\":\"fr-FR\",\"potentialAction\":[{\"@type\":\"ReadAction\",\"target\":[\"https:\\\/\\\/www.lfianvers.org\\\/fr\\\/membre\\\/14085\\\/\"]}]},{\"@type\":\"ImageObject\",\"inLanguage\":\"fr-FR\",\"@id\":\"https:\\\/\\\/www.lfianvers.org\\\/fr\\\/membre\\\/14085\\\/#primaryimage\",\"url\":\"https:\\\/\\\/www.lfianvers.org\\\/wp-content\\\/uploads\\\/2024\\\/07\\\/227-HteDef-2-1.jpg\",\"contentUrl\":\"https:\\\/\\\/www.lfianvers.org\\\/wp-content\\\/uploads\\\/2024\\\/07\\\/227-HteDef-2-1.jpg\"},{\"@type\":\"BreadcrumbList\",\"@id\":\"https:\\\/\\\/www.lfianvers.org\\\/fr\\\/membre\\\/14085\\\/#breadcrumb\",\"itemListElement\":[{\"@type\":\"ListItem\",\"position\":1,\"name\":\"Accueil\",\"item\":\"https:\\\/\\\/www.lfianvers.org\\\/fr\\\/\"},{\"@type\":\"ListItem\",\"position\":2,\"name\":\"Guillaume Capon\"}]},{\"@type\":\"WebSite\",\"@id\":\"https:\\\/\\\/www.lfianvers.org\\\/fr\\\/#website\",\"url\":\"https:\\\/\\\/www.lfianvers.org\\\/fr\\\/\",\"name\":\"LFI Anvers\",\"description\":\"Lyc\u00e9e fran\u00e7ais international d&#039;Anvers\",\"potentialAction\":[{\"@type\":\"SearchAction\",\"target\":{\"@type\":\"EntryPoint\",\"urlTemplate\":\"https:\\\/\\\/www.lfianvers.org\\\/fr\\\/?s={search_term_string}\"},\"query-input\":{\"@type\":\"PropertyValueSpecification\",\"valueRequired\":true,\"valueName\":\"search_term_string\"}}],\"inLanguage\":\"fr-FR\"}]}<\/script>\n<!-- \/ Yoast SEO plugin. -->","yoast_head_json":{"title":"Guillaume Capon - LFI Anvers","robots":{"index":"index","follow":"follow","max-snippet":"max-snippet:-1","max-image-preview":"max-image-preview:large","max-video-preview":"max-video-preview:-1"},"canonical":"https:\/\/www.lfianvers.org\/fr\/membre\/14085\/","og_locale":"fr_FR","og_type":"article","og_title":"Guillaume Capon - LFI Anvers","og_description":"Guillaume Capon Chef d&rsquo;\u00e9tablissement Biographie Guillaume Capon est un professionnel de l&#8217;\u00e9ducation avec plus d&#8217;une d\u00e9cennie d&#8217;exp\u00e9rience et est le [&hellip;]","og_url":"https:\/\/www.lfianvers.org\/fr\/membre\/14085\/","og_site_name":"LFI Anvers","article_modified_time":"2024-11-04T14:00:30+00:00","og_image":[{"url":"https:\/\/www.lfianvers.org\/wp-content\/uploads\/2024\/07\/227-HteDef-2-1.jpg","type":"","width":"","height":""}],"twitter_card":"summary_large_image","twitter_misc":{"Dur\u00e9e de lecture estim\u00e9e":"1 minute"},"schema":{"@context":"https:\/\/schema.org","@graph":[{"@type":"WebPage","@id":"https:\/\/www.lfianvers.org\/fr\/membre\/14085\/","url":"https:\/\/www.lfianvers.org\/fr\/membre\/14085\/","name":"Guillaume Capon - LFI Anvers","isPartOf":{"@id":"https:\/\/www.lfianvers.org\/fr\/#website"},"primaryImageOfPage":{"@id":"https:\/\/www.lfianvers.org\/fr\/membre\/14085\/#primaryimage"},"image":{"@id":"https:\/\/www.lfianvers.org\/fr\/membre\/14085\/#primaryimage"},"thumbnailUrl":"https:\/\/www.lfianvers.org\/wp-content\/uploads\/2024\/07\/227-HteDef-2-1.jpg","datePublished":"2024-08-09T14:48:09+00:00","dateModified":"2024-11-04T14:00:30+00:00","breadcrumb":{"@id":"https:\/\/www.lfianvers.org\/fr\/membre\/14085\/#breadcrumb"},"inLanguage":"fr-FR","potentialAction":[{"@type":"ReadAction","target":["https:\/\/www.lfianvers.org\/fr\/membre\/14085\/"]}]},{"@type":"ImageObject","inLanguage":"fr-FR","@id":"https:\/\/www.lfianvers.org\/fr\/membre\/14085\/#primaryimage","url":"https:\/\/www.lfianvers.org\/wp-content\/uploads\/2024\/07\/227-HteDef-2-1.jpg","contentUrl":"https:\/\/www.lfianvers.org\/wp-content\/uploads\/2024\/07\/227-HteDef-2-1.jpg"},{"@type":"BreadcrumbList","@id":"https:\/\/www.lfianvers.org\/fr\/membre\/14085\/#breadcrumb","itemListElement":[{"@type":"ListItem","position":1,"name":"Accueil","item":"https:\/\/www.lfianvers.org\/fr\/"},{"@type":"ListItem","position":2,"name":"Guillaume Capon"}]},{"@type":"WebSite","@id":"https:\/\/www.lfianvers.org\/fr\/#website","url":"https:\/\/www.lfianvers.org\/fr\/","name":"LFI Anvers","description":"Lyc\u00e9e fran\u00e7ais international d&#039;Anvers","potentialAction":[{"@type":"SearchAction","target":{"@type":"EntryPoint","urlTemplate":"https:\/\/www.lfianvers.org\/fr\/?s={search_term_string}"},"query-input":{"@type":"PropertyValueSpecification","valueRequired":true,"valueName":"search_term_string"}}],"inLanguage":"fr-FR"}]}},"_links":{"self":[{"href":"https:\/\/www.lfianvers.org\/fr\/wp-json\/wp\/v2\/membre\/14087","targetHints":{"allow":["GET"]}}],"collection":[{"href":"https:\/\/www.lfianvers.org\/fr\/wp-json\/wp\/v2\/membre"}],"about":[{"href":"https:\/\/www.lfianvers.org\/fr\/wp-json\/wp\/v2\/types\/membre"}],"wp:attachment":[{"href":"https:\/\/www.lfianvers.org\/fr\/wp-json\/wp\/v2\/media?parent=14087"}],"wp:term":[{"taxonomy":"typologie","embeddable":true,"href":"https:\/\/www.lfianvers.org\/fr\/wp-json\/wp\/v2\/typologie?post=14087"}],"curies":[{"name":"wp","href":"https:\/\/api.w.org\/{rel}","templated":true}]}}