{"id":1165,"date":"2021-12-17T10:44:45","date_gmt":"2021-12-17T09:44:45","guid":{"rendered":"https:\/\/odyssey.education\/?post_type=ecole&#038;p=1165"},"modified":"2022-11-15T19:58:20","modified_gmt":"2022-11-15T18:58:20","slug":"ecole-francaise-internationale-pristina","status":"publish","type":"ecole","link":"https:\/\/www.lfianvers.org\/fr\/ecole\/ecole-francaise-internationale-pristina\/","title":{"rendered":"\u00c9cole fran\u00e7aise internationale,  Pristina"},"content":{"rendered":"<p><!-- Bloc small header --><\/p>\n<p>\t\t\t\t<!-- avec ou sans CTA : m\u00eame code, \u00e7a centre verticalement le texte --><\/p>\n<div class=\"smallheader\" id=\"bloc_small_header2\">\n<p>\t\t\t\t\t\t\t#bloc_small_header2 {background-image: url(https:\/\/www.lfianvers.org\/wp-content\/uploads\/2021\/12\/SAINT_PETERSBOURG@2x-1-1-610&#215;270.png);}<br \/>\n\t\t\t\t\t\t\t@media (min-width: 480px) {\t#bloc_small_header2 {background-image: url(https:\/\/www.lfianvers.org\/wp-content\/uploads\/2021\/12\/SAINT_PETERSBOURG@2x-1-1-610&#215;270.png);}}<br \/>\n\t\t\t\t\t\t\t@media (min-width: 768px) {\t#bloc_small_header2 {background-image: url(https:\/\/www.lfianvers.org\/wp-content\/uploads\/2021\/12\/SAINT_PETERSBOURG@2x-1-1-1024&#215;214.png);}}<br \/>\n\t\t\t\t\t\t\t@media (min-width: 992px) { #bloc_small_header2 {background-image: url(https:\/\/www.lfianvers.org\/wp-content\/uploads\/2021\/12\/SAINT_PETERSBOURG@2x-1-1-1024&#215;214.png);}}<br \/>\n\t\t\t\t\t\t\t@media (min-width: 1200px) { #bloc_small_header2 {background-image: url(https:\/\/www.lfianvers.org\/wp-content\/uploads\/2021\/12\/SAINT_PETERSBOURG@2x-1-1-1536&#215;322.png);}}<\/p>\n<div class=\"container d-flex flex-column justify-content-center align-items-start\">\n<h2><span>\u00c9cole Fran\u00e7aise Internationale de Pristina<\/span><\/h2>\n<\/p><\/div>\n<\/p><\/div>\n<p><!-- Bloc 6 - Texte --><\/p>\n<div class=\"bloctext bloctext--color4 bloctext--haspattern\" id=\"bloc_6_3\">\n<div class=\"container\">\n<div class=\"row\">\n<div class=\"col-12 col-lg-4 col-xl-3 mb-1\">\n<h2><span>L&rsquo;aventure \u00e0 l&rsquo;EFiP<\/span><\/h2>\n<\/p><\/div>\n<div class=\"col-12 col-lg-8 col-xl-9\">\n<div class=\"text pl-lg-4\">\n<p class=\"p1\"><span class=\"s1\"><a href=\"https:\/\/efip-edu.org\/efip\/\" target=\"_blank\" rel=\"noopener\">L&rsquo;\u00c9cole Fran\u00e7aise internationale de Pristina<\/a>, situ\u00e9e en p\u00e9riph\u00e9rie de la <\/span><span class=\"s1\">ville, est une \u00e9cole qui permet aux \u00e9l\u00e8ves de la maternelle jusqu&rsquo;au <\/span><span class=\"s1\">coll\u00e8ge de s&rsquo;\u00e9panouir et de s&rsquo;\u00e9merveiller dans un cadre rassurant et <\/span><span class=\"s1\">motivant.<\/span><\/p>\n<p><span class=\"s1\">Ouverte sur les langues avec des propositions vari\u00e9es bas\u00e9es sur le <\/span><span class=\"s1\">multilinguisme et des certifications dont Delf Prim&rsquo;,<\/span> <span class=\"s1\">porteuse de projets avec l&rsquo;Alliance Fran\u00e7aise et des associations locales, l&rsquo;EFiP , partenaire AEFE, homologu\u00e9e sur toute l&rsquo;\u00e9cole primaire, <\/span><span class=\"s1\">permet de mettre en valeur une proposition p\u00e9dagogique en ad\u00e9quation avec <\/span><span class=\"s1\">les programmes d&rsquo;\u00e9ducation fran\u00e7ais en situant les besoins de chaque \u00e9l\u00e8ve<\/span> <span class=\"s1\">au coeur des apprentissages.<br \/>\n<\/span><br \/>\n<span class=\"s1\">Un suivi CNED pour les niveaux coll\u00e8ge permet \u00e0 chaque jeune d&rsquo;avancer \u00e0<\/span> <span class=\"s1\">son rythme et de pr\u00e9parer le Brevet.<\/span><\/p>\n<\/p><\/div>\n<\/p><\/div>\n<\/p><\/div>\n<\/p><\/div>\n<\/div>\n<p><!-- Bloc 14 - Vignettes --><\/p>\n<div class=\"blocsphotos blocsphotos--nocolor\" id=\"bloc_14_4\">\n<div class=\"container\">\n<div class=\"row\">\n<div class=\"col-6 col-md-3 mb-1 mb-md-0\">\n<div class=\"blocphoto\">\n\t\t\t\t\t<img decoding=\"async\" class=\"img-fluid img-rounded\" src=\"https:\/\/www.lfianvers.org\/wp-content\/uploads\/2021\/12\/Capture-de\u0301cran-2021-12-22-a\u0300-17.15.37-1-270x310.png\" width=\"\" height=\"\" alt=\"\">\n\t\t\t\t<\/div>\n<\/p><\/div>\n<div class=\"col-6 col-md-3 mb-1 mb-md-0\">\n<div class=\"blocphoto\">\n\t\t\t\t\t<img decoding=\"async\" class=\"img-fluid img-rounded\" src=\"https:\/\/www.lfianvers.org\/wp-content\/uploads\/2021\/12\/Capture-de\u0301cran-2021-12-22-a\u0300-17.15.44-1-270x310.png\" width=\"\" height=\"\" alt=\"\">\n\t\t\t\t<\/div>\n<\/p><\/div>\n<div class=\"col-6 col-md-3 mb-1 mb-md-0\">\n<div class=\"blocphoto\">\n\t\t\t\t\t<img decoding=\"async\" class=\"img-fluid img-rounded\" src=\"https:\/\/www.lfianvers.org\/wp-content\/uploads\/2021\/12\/Capture-de\u0301cran-2021-12-22-a\u0300-17.15.51-1-270x310.png\" width=\"\" height=\"\" alt=\"\">\n\t\t\t\t<\/div>\n<\/p><\/div>\n<div class=\"col-6 col-md-3 mb-1 mb-md-0\">\n<div class=\"blocphoto\">\n\t\t\t\t\t<img decoding=\"async\" class=\"img-fluid img-rounded\" src=\"https:\/\/www.lfianvers.org\/wp-content\/uploads\/2021\/12\/Capture-de\u0301cran-2021-12-22-a\u0300-17.16.14-1-270x310.png\" width=\"\" height=\"\" alt=\"\">\n\t\t\t\t<\/div>\n<\/p><\/div>\n<\/p><\/div>\n<\/p><\/div>\n<\/div>\n<p><!-- Bloc CTAs --><\/p>\n<div class=\"bloc_ctas bloc_cta container pt-2 pb-2 text-center\" id=\"bloc_ctas_5\">\n<div class=\"btns\">\t<a href=\"https:\/\/efip-edu.org\/efip\/\" title=\"D\u00e9couvrir l'EFiP\" target=\"_blank\" class=\" ml-1   mr-1  btn btn--color2\" rel=\"noopener\">D\u00e9couvrir l&rsquo;EFiP<\/a> <\/div>\n<\/p><\/div>\n<p><!-- Bloc 10 - Bandeau --><\/p>\n<div class=\"blocinfo blocinfo--color4\" id=\"bloc_10_6\">\n<div class=\"container\">\n<div class=\"row\">\n<div class=\"col-12 col-md-6\">\n<h2><span>Besoin de plus d\u2019information ?<\/span><\/h2>\n<p>Nous restons disponible pour vous aider \u00e0 trouver la meilleure \u00e9cole pour votre enfant.<\/p>\n<p>\t\t\t\t<!-- Changer la classe de couleur du bouton en fonction de la couleur g\u00e9n\u00e9rale du bloc --><\/p>\n<div class=\"bloc_cta\">\n\t<a href=\"\" title=\"Contactez-nous\" target=\"\" class=\"mr-3 btn btn--color4\" rel=\"noopener\">Contactez-nous<\/a> \t\t\t\t<\/div>\n<\/p><\/div>\n<\/p><\/div>\n<\/p><\/div>\n<\/div>\n","protected":false},"featured_media":0,"template":"","localisation":[24],"niveau":[31,30,32],"class_list":["post-1165","ecole","type-ecole","status-publish","hentry","localisation-kosovo","niveau-elementaire","niveau-la-maternelle","niveau-le-college"],"acf":[],"yoast_head":"<!-- This site is optimized with the Yoast SEO plugin v27.5 - https:\/\/yoast.com\/product\/yoast-seo-wordpress\/ -->\n<title>Ecole fran\u00e7aise \u00e0 Pristina | Nos \u00e9tablissements - Odyssey<\/title>\n<meta name=\"description\" content=\"Trouver une Ecole Fran\u00e7aise \u00e0 Pristina. Enseignement fran\u00e7ais et international. Ecole fran\u00e7aise internationale de Pristina...\" \/>\n<meta name=\"robots\" content=\"index, follow, max-snippet:-1, max-image-preview:large, max-video-preview:-1\" \/>\n<link rel=\"canonical\" href=\"https:\/\/www.lfianvers.org\/fr\/ecole\/ecole-francaise-internationale-pristina\/\" \/>\n<meta property=\"og:locale\" content=\"fr_FR\" \/>\n<meta property=\"og:type\" content=\"article\" \/>\n<meta property=\"og:title\" content=\"Ecole fran\u00e7aise \u00e0 Pristina | Nos \u00e9tablissements - Odyssey\" \/>\n<meta property=\"og:description\" content=\"Trouver une Ecole Fran\u00e7aise \u00e0 Pristina. Enseignement fran\u00e7ais et international. Ecole fran\u00e7aise internationale de Pristina...\" \/>\n<meta property=\"og:url\" content=\"https:\/\/www.lfianvers.org\/fr\/ecole\/ecole-francaise-internationale-pristina\/\" \/>\n<meta property=\"og:site_name\" content=\"LFI Anvers\" \/>\n<meta property=\"article:modified_time\" content=\"2022-11-15T18:58:20+00:00\" \/>\n<meta name=\"twitter:card\" content=\"summary_large_image\" \/>\n<meta name=\"twitter:label1\" content=\"Dur\u00e9e de lecture estim\u00e9e\" \/>\n\t<meta name=\"twitter:data1\" content=\"1 minute\" \/>\n<script type=\"application\/ld+json\" class=\"yoast-schema-graph\">{\"@context\":\"https:\\\/\\\/schema.org\",\"@graph\":[{\"@type\":\"WebPage\",\"@id\":\"https:\\\/\\\/www.lfianvers.org\\\/fr\\\/ecole\\\/ecole-francaise-internationale-pristina\\\/\",\"url\":\"https:\\\/\\\/www.lfianvers.org\\\/fr\\\/ecole\\\/ecole-francaise-internationale-pristina\\\/\",\"name\":\"Ecole fran\u00e7aise \u00e0 Pristina | Nos \u00e9tablissements - Odyssey\",\"isPartOf\":{\"@id\":\"https:\\\/\\\/www.lfianvers.org\\\/fr\\\/#website\"},\"datePublished\":\"2021-12-17T09:44:45+00:00\",\"dateModified\":\"2022-11-15T18:58:20+00:00\",\"description\":\"Trouver une Ecole Fran\u00e7aise \u00e0 Pristina. Enseignement fran\u00e7ais et international. Ecole fran\u00e7aise internationale de Pristina...\",\"breadcrumb\":{\"@id\":\"https:\\\/\\\/www.lfianvers.org\\\/fr\\\/ecole\\\/ecole-francaise-internationale-pristina\\\/#breadcrumb\"},\"inLanguage\":\"fr-FR\",\"potentialAction\":[{\"@type\":\"ReadAction\",\"target\":[\"https:\\\/\\\/www.lfianvers.org\\\/fr\\\/ecole\\\/ecole-francaise-internationale-pristina\\\/\"]}]},{\"@type\":\"BreadcrumbList\",\"@id\":\"https:\\\/\\\/www.lfianvers.org\\\/fr\\\/ecole\\\/ecole-francaise-internationale-pristina\\\/#breadcrumb\",\"itemListElement\":[{\"@type\":\"ListItem\",\"position\":1,\"name\":\"Accueil\",\"item\":\"https:\\\/\\\/www.lfianvers.org\\\/fr\\\/\"},{\"@type\":\"ListItem\",\"position\":2,\"name\":\"\u00c9cole fran\u00e7aise internationale, Pristina\"}]},{\"@type\":\"WebSite\",\"@id\":\"https:\\\/\\\/www.lfianvers.org\\\/fr\\\/#website\",\"url\":\"https:\\\/\\\/www.lfianvers.org\\\/fr\\\/\",\"name\":\"LFI Anvers\",\"description\":\"Lyc\u00e9e fran\u00e7ais international d&#039;Anvers\",\"potentialAction\":[{\"@type\":\"SearchAction\",\"target\":{\"@type\":\"EntryPoint\",\"urlTemplate\":\"https:\\\/\\\/www.lfianvers.org\\\/fr\\\/?s={search_term_string}\"},\"query-input\":{\"@type\":\"PropertyValueSpecification\",\"valueRequired\":true,\"valueName\":\"search_term_string\"}}],\"inLanguage\":\"fr-FR\"}]}<\/script>\n<!-- \/ Yoast SEO plugin. -->","yoast_head_json":{"title":"Ecole fran\u00e7aise \u00e0 Pristina | Nos \u00e9tablissements - Odyssey","description":"Trouver une Ecole Fran\u00e7aise \u00e0 Pristina. Enseignement fran\u00e7ais et international. Ecole fran\u00e7aise internationale de Pristina...","robots":{"index":"index","follow":"follow","max-snippet":"max-snippet:-1","max-image-preview":"max-image-preview:large","max-video-preview":"max-video-preview:-1"},"canonical":"https:\/\/www.lfianvers.org\/fr\/ecole\/ecole-francaise-internationale-pristina\/","og_locale":"fr_FR","og_type":"article","og_title":"Ecole fran\u00e7aise \u00e0 Pristina | Nos \u00e9tablissements - Odyssey","og_description":"Trouver une Ecole Fran\u00e7aise \u00e0 Pristina. Enseignement fran\u00e7ais et international. Ecole fran\u00e7aise internationale de Pristina...","og_url":"https:\/\/www.lfianvers.org\/fr\/ecole\/ecole-francaise-internationale-pristina\/","og_site_name":"LFI Anvers","article_modified_time":"2022-11-15T18:58:20+00:00","twitter_card":"summary_large_image","twitter_misc":{"Dur\u00e9e de lecture estim\u00e9e":"1 minute"},"schema":{"@context":"https:\/\/schema.org","@graph":[{"@type":"WebPage","@id":"https:\/\/www.lfianvers.org\/fr\/ecole\/ecole-francaise-internationale-pristina\/","url":"https:\/\/www.lfianvers.org\/fr\/ecole\/ecole-francaise-internationale-pristina\/","name":"Ecole fran\u00e7aise \u00e0 Pristina | Nos \u00e9tablissements - Odyssey","isPartOf":{"@id":"https:\/\/www.lfianvers.org\/fr\/#website"},"datePublished":"2021-12-17T09:44:45+00:00","dateModified":"2022-11-15T18:58:20+00:00","description":"Trouver une Ecole Fran\u00e7aise \u00e0 Pristina. Enseignement fran\u00e7ais et international. Ecole fran\u00e7aise internationale de Pristina...","breadcrumb":{"@id":"https:\/\/www.lfianvers.org\/fr\/ecole\/ecole-francaise-internationale-pristina\/#breadcrumb"},"inLanguage":"fr-FR","potentialAction":[{"@type":"ReadAction","target":["https:\/\/www.lfianvers.org\/fr\/ecole\/ecole-francaise-internationale-pristina\/"]}]},{"@type":"BreadcrumbList","@id":"https:\/\/www.lfianvers.org\/fr\/ecole\/ecole-francaise-internationale-pristina\/#breadcrumb","itemListElement":[{"@type":"ListItem","position":1,"name":"Accueil","item":"https:\/\/www.lfianvers.org\/fr\/"},{"@type":"ListItem","position":2,"name":"\u00c9cole fran\u00e7aise internationale, Pristina"}]},{"@type":"WebSite","@id":"https:\/\/www.lfianvers.org\/fr\/#website","url":"https:\/\/www.lfianvers.org\/fr\/","name":"LFI Anvers","description":"Lyc\u00e9e fran\u00e7ais international d&#039;Anvers","potentialAction":[{"@type":"SearchAction","target":{"@type":"EntryPoint","urlTemplate":"https:\/\/www.lfianvers.org\/fr\/?s={search_term_string}"},"query-input":{"@type":"PropertyValueSpecification","valueRequired":true,"valueName":"search_term_string"}}],"inLanguage":"fr-FR"}]}},"_links":{"self":[{"href":"https:\/\/www.lfianvers.org\/fr\/wp-json\/wp\/v2\/ecole\/1165","targetHints":{"allow":["GET"]}}],"collection":[{"href":"https:\/\/www.lfianvers.org\/fr\/wp-json\/wp\/v2\/ecole"}],"about":[{"href":"https:\/\/www.lfianvers.org\/fr\/wp-json\/wp\/v2\/types\/ecole"}],"wp:attachment":[{"href":"https:\/\/www.lfianvers.org\/fr\/wp-json\/wp\/v2\/media?parent=1165"}],"wp:term":[{"taxonomy":"localisation","embeddable":true,"href":"https:\/\/www.lfianvers.org\/fr\/wp-json\/wp\/v2\/localisation?post=1165"},{"taxonomy":"niveau","embeddable":true,"href":"https:\/\/www.lfianvers.org\/fr\/wp-json\/wp\/v2\/niveau?post=1165"}],"curies":[{"name":"wp","href":"https:\/\/api.w.org\/{rel}","templated":true}]}}